{"id":2871,"date":"2020-02-11T16:11:18","date_gmt":"2020-02-11T19:11:18","guid":{"rendered":"https:\/\/padrejosimo.com.br\/site\/?post_type=artigos&#038;p=2871"},"modified":"2020-02-11T16:11:18","modified_gmt":"2020-02-11T19:11:18","slug":"artigo-aos-inimigos-a-lei","status":"publish","type":"artigos","link":"https:\/\/padrejosimo.com.br\/site\/artigos\/artigo-aos-inimigos-a-lei\/","title":{"rendered":"Artigo | Aos inimigos, a lei"},"content":{"rendered":"<blockquote>\n<p><strong><em>Frei Vanildo Luiz Zugno<\/em><\/strong><\/p>\n<\/blockquote>\n<p><img fetchpriority=\"high\" decoding=\"async\" class=\"size-full wp-image-2872 aligncenter\" src=\"https:\/\/padrejosimo.com.br\/site\/wp-content\/uploads\/2020\/02\/328FA0CF003B569C3AEBEB047D744A7521C3D9CA8309FDC43A366D6A936E2E89.jpg\" alt=\"\" width=\"640\" height=\"349\" srcset=\"https:\/\/padrejosimo.com.br\/site\/wp-content\/uploads\/2020\/02\/328FA0CF003B569C3AEBEB047D744A7521C3D9CA8309FDC43A366D6A936E2E89.jpg 640w, https:\/\/padrejosimo.com.br\/site\/wp-content\/uploads\/2020\/02\/328FA0CF003B569C3AEBEB047D744A7521C3D9CA8309FDC43A366D6A936E2E89-300x164.jpg 300w\" sizes=\"(max-width: 640px) 100vw, 640px\" \/><\/p>\n<p>&nbsp;<\/p>\n<p>Um dos mais importantes jornais de economia do Brasil publicou no final do m\u00eas de janeiro uma pesquisa chamada \u201cA cara da democracia\u201d. Realizada anualmente pelo \u201cInstituto da Democracia e da Democratiza\u00e7\u00e3o da Comunica\u00e7\u00e3o\u201d, o estudo tem como objetivo aferir a percep\u00e7\u00e3o da democracia pela sociedade brasileira.<\/p>\n<p>Um dos resultados que mais chamou a aten\u00e7\u00e3o foi sobre o \u00edndice de confian\u00e7a dos brasileiros e brasileiras para com o Poder Judici\u00e1rio. Os n\u00fameros s\u00e3o assustadores: 38,2% disseram n\u00e3o confiar no Poder Judici\u00e1rio. Outros 61% afirmam n\u00e3o acreditar na independ\u00eancia do Judici\u00e1rio. Apenas 26% dos brasileiros acreditam que o Judici\u00e1rio toma decis\u00f5es sem ser influenciado por pol\u00edticos, empres\u00e1rios ou outros interesses.<\/p>\n<p>Comparada com a pesquisa de 2018, o resultado \u00e9 ainda mais preocupante. A cada ano, o Poder Judici\u00e1rio aparece como menos confi\u00e1vel.<\/p>\n<p>Qual a causa de tamanha desconfian\u00e7a da popula\u00e7\u00e3o brasileira para com esta institui\u00e7\u00e3o t\u00e3o necess\u00e1ria para a vida em sociedade?<\/p>\n<p>Suspeito que seja por uma simples raz\u00e3o j\u00e1 apontada h\u00e1 cinco s\u00e9culos pelo fil\u00f3sofo italiano Nicolau Maquiavel. Dentre as suas famosas frases, uma das mais not\u00e1veis se refere \u00e0 justi\u00e7a. Segundo ele, no seu tempo, a justi\u00e7a funcionava a partir do princ\u00edpio de que \u201caos amigos, favores; aos inimigos, a lei\u201d.<\/p>\n<p>Parece que pouca coisa mudou de l\u00e1 para c\u00e1. As pessoas que t\u00eam amigos na justi\u00e7a ou tem dinheiro para contratar advogados com boas rela\u00e7\u00f5es no sistema judici\u00e1rio, nunca ser\u00e3o condenadas. J\u00e1 os que n\u00e3o gozam destes privil\u00e9gios, estes podem se preparar para a aplica\u00e7\u00e3o da lei que lhes cair\u00e1 como um raio na cabe\u00e7a. Infelizmente, a justi\u00e7a \u00e9 para poucos. \u00c9 o que a maioria da popula\u00e7\u00e3o constata&#8230;<\/p>\n<p>Que fazer diante disso? Entrar no jogo e tamb\u00e9m tentar burlar a lei, refugiar-se na ilegalidade, fugir do sistema judicial? \u00c9 uma tenta\u00e7\u00e3o nada desprez\u00edvel e na qual muitos caem.<\/p>\n<p>A \u00fanica forma de resistir, \u00e9 agarrando-se na convic\u00e7\u00e3o de que a lei \u00e9 algo exterior, que vem de fora, e n\u00e3o pode alterar nossas convic\u00e7\u00f5es pessoais. Se o sistema judicial torna legal o ilegal e ilegal o justo, n\u00e3o por isso podemos nos sentir livres para praticar o que a consci\u00eancia nos indica como errado.<\/p>\n<p>A consci\u00eancia \u00e9 a norma \u00faltima de todo comportamento e, para al\u00e9m da lei, est\u00e1 a grande raz\u00e3o que deu origem a todas as leis: a defesa da vida e da dignidade humana. Que a nossa f\u00e9 no Deus da vida e na vida que tem sua origem em Deus, nos permita resistir nestes tempos de injusti\u00e7a institucionalizada.<\/p>\n","protected":false},"excerpt":{"rendered":"<p>Frei Zugno: &#8220;Infelizmente, a justi\u00e7a \u00e9 para poucos. \u00c9 o que a maioria da popula\u00e7\u00e3o constata&#8230;&#8221;<\/p>\n","protected":false},"author":20,"template":"","class_list":["post-2871","artigos","type-artigos","status-publish","hentry"],"acf":[],"yoast_head":"<!-- This site is optimized with the Yoast SEO plugin v27.2 - https:\/\/yoast.com\/product\/yoast-seo-wordpress\/ -->\n<title>Artigo | Aos inimigos, a lei - Instituto Cultural Padre Josimo<\/title>\n<meta name=\"robots\" content=\"index, follow, max-snippet:-1, max-image-preview:large, max-video-preview:-1\" \/>\n<link rel=\"canonical\" href=\"https:\/\/padrejosimo.com.br\/site\/artigos\/artigo-aos-inimigos-a-lei\/\" \/>\n<meta property=\"og:locale\" content=\"pt_BR\" \/>\n<meta property=\"og:type\" content=\"article\" \/>\n<meta property=\"og:title\" content=\"Artigo | Aos inimigos, a lei - Instituto Cultural Padre Josimo\" \/>\n<meta property=\"og:description\" content=\"Frei Zugno: &quot;Infelizmente, a justi\u00e7a \u00e9 para poucos. \u00c9 o que a maioria da popula\u00e7\u00e3o constata...&quot;\" \/>\n<meta property=\"og:url\" content=\"https:\/\/padrejosimo.com.br\/site\/artigos\/artigo-aos-inimigos-a-lei\/\" \/>\n<meta property=\"og:site_name\" content=\"Instituto Cultural Padre Josimo\" \/>\n<meta property=\"og:image\" content=\"https:\/\/padrejosimo.com.br\/site\/wp-content\/uploads\/2020\/02\/328FA0CF003B569C3AEBEB047D744A7521C3D9CA8309FDC43A366D6A936E2E89.jpg\" \/>\n<meta name=\"twitter:card\" content=\"summary_large_image\" \/>\n<meta name=\"twitter:label1\" content=\"Est. tempo de leitura\" \/>\n\t<meta name=\"twitter:data1\" content=\"2 minutos\" \/>\n<script type=\"application\/ld+json\" class=\"yoast-schema-graph\">{\"@context\":\"https:\/\/schema.org\",\"@graph\":[{\"@type\":\"WebPage\",\"@id\":\"https:\/\/padrejosimo.com.br\/site\/artigos\/artigo-aos-inimigos-a-lei\/\",\"url\":\"https:\/\/padrejosimo.com.br\/site\/artigos\/artigo-aos-inimigos-a-lei\/\",\"name\":\"Artigo | Aos inimigos, a lei - Instituto Cultural Padre Josimo\",\"isPartOf\":{\"@id\":\"https:\/\/padrejosimo.com.br\/site\/#website\"},\"primaryImageOfPage\":{\"@id\":\"https:\/\/padrejosimo.com.br\/site\/artigos\/artigo-aos-inimigos-a-lei\/#primaryimage\"},\"image\":{\"@id\":\"https:\/\/padrejosimo.com.br\/site\/artigos\/artigo-aos-inimigos-a-lei\/#primaryimage\"},\"thumbnailUrl\":\"https:\/\/padrejosimo.com.br\/site\/wp-content\/uploads\/2020\/02\/328FA0CF003B569C3AEBEB047D744A7521C3D9CA8309FDC43A366D6A936E2E89.jpg\",\"datePublished\":\"2020-02-11T19:11:18+00:00\",\"breadcrumb\":{\"@id\":\"https:\/\/padrejosimo.com.br\/site\/artigos\/artigo-aos-inimigos-a-lei\/#breadcrumb\"},\"inLanguage\":\"pt-BR\",\"potentialAction\":[{\"@type\":\"ReadAction\",\"target\":[\"https:\/\/padrejosimo.com.br\/site\/artigos\/artigo-aos-inimigos-a-lei\/\"]}]},{\"@type\":\"ImageObject\",\"inLanguage\":\"pt-BR\",\"@id\":\"https:\/\/padrejosimo.com.br\/site\/artigos\/artigo-aos-inimigos-a-lei\/#primaryimage\",\"url\":\"https:\/\/padrejosimo.com.br\/site\/wp-content\/uploads\/2020\/02\/328FA0CF003B569C3AEBEB047D744A7521C3D9CA8309FDC43A366D6A936E2E89.jpg\",\"contentUrl\":\"https:\/\/padrejosimo.com.br\/site\/wp-content\/uploads\/2020\/02\/328FA0CF003B569C3AEBEB047D744A7521C3D9CA8309FDC43A366D6A936E2E89.jpg\",\"width\":640,\"height\":349},{\"@type\":\"BreadcrumbList\",\"@id\":\"https:\/\/padrejosimo.com.br\/site\/artigos\/artigo-aos-inimigos-a-lei\/#breadcrumb\",\"itemListElement\":[{\"@type\":\"ListItem\",\"position\":1,\"name\":\"In\u00edcio\",\"item\":\"https:\/\/padrejosimo.com.br\/site\/\"},{\"@type\":\"ListItem\",\"position\":2,\"name\":\"Artigos\",\"item\":\"https:\/\/padrejosimo.com.br\/site\/artigos\/\"},{\"@type\":\"ListItem\",\"position\":3,\"name\":\"Artigo | Aos inimigos, a lei\"}]},{\"@type\":\"WebSite\",\"@id\":\"https:\/\/padrejosimo.com.br\/site\/#website\",\"url\":\"https:\/\/padrejosimo.com.br\/site\/\",\"name\":\"Instituto Cultural Padre Josimo\",\"description\":\"Comprometida com a promo\u00e7\u00e3o da justi\u00e7a social, agroecologia e educa\u00e7\u00e3o popular\",\"publisher\":{\"@id\":\"https:\/\/padrejosimo.com.br\/site\/#organization\"},\"alternateName\":\"ICPJ\",\"potentialAction\":[{\"@type\":\"SearchAction\",\"target\":{\"@type\":\"EntryPoint\",\"urlTemplate\":\"https:\/\/padrejosimo.com.br\/site\/?s={search_term_string}\"},\"query-input\":{\"@type\":\"PropertyValueSpecification\",\"valueRequired\":true,\"valueName\":\"search_term_string\"}}],\"inLanguage\":\"pt-BR\"},{\"@type\":\"Organization\",\"@id\":\"https:\/\/padrejosimo.com.br\/site\/#organization\",\"name\":\"Instituto Cultural Padre Josimo\",\"alternateName\":\"ICPJ\",\"url\":\"https:\/\/padrejosimo.com.br\/site\/\",\"logo\":{\"@type\":\"ImageObject\",\"inLanguage\":\"pt-BR\",\"@id\":\"https:\/\/padrejosimo.com.br\/site\/#\/schema\/logo\/image\/\",\"url\":\"https:\/\/padrejosimo.com.br\/site\/wp-content\/uploads\/2025\/09\/cropped-icon-icpj.png\",\"contentUrl\":\"https:\/\/padrejosimo.com.br\/site\/wp-content\/uploads\/2025\/09\/cropped-icon-icpj.png\",\"width\":512,\"height\":512,\"caption\":\"Instituto Cultural Padre Josimo\"},\"image\":{\"@id\":\"https:\/\/padrejosimo.com.br\/site\/#\/schema\/logo\/image\/\"}}]}<\/script>\n<!-- \/ Yoast SEO plugin. -->","yoast_head_json":{"title":"Artigo | Aos inimigos, a lei - Instituto Cultural Padre Josimo","robots":{"index":"index","follow":"follow","max-snippet":"max-snippet:-1","max-image-preview":"max-image-preview:large","max-video-preview":"max-video-preview:-1"},"canonical":"https:\/\/padrejosimo.com.br\/site\/artigos\/artigo-aos-inimigos-a-lei\/","og_locale":"pt_BR","og_type":"article","og_title":"Artigo | Aos inimigos, a lei - Instituto Cultural Padre Josimo","og_description":"Frei Zugno: \"Infelizmente, a justi\u00e7a \u00e9 para poucos. \u00c9 o que a maioria da popula\u00e7\u00e3o constata...\"","og_url":"https:\/\/padrejosimo.com.br\/site\/artigos\/artigo-aos-inimigos-a-lei\/","og_site_name":"Instituto Cultural Padre Josimo","og_image":[{"url":"https:\/\/padrejosimo.com.br\/site\/wp-content\/uploads\/2020\/02\/328FA0CF003B569C3AEBEB047D744A7521C3D9CA8309FDC43A366D6A936E2E89.jpg","type":"","width":"","height":""}],"twitter_card":"summary_large_image","twitter_misc":{"Est. tempo de leitura":"2 minutos"},"schema":{"@context":"https:\/\/schema.org","@graph":[{"@type":"WebPage","@id":"https:\/\/padrejosimo.com.br\/site\/artigos\/artigo-aos-inimigos-a-lei\/","url":"https:\/\/padrejosimo.com.br\/site\/artigos\/artigo-aos-inimigos-a-lei\/","name":"Artigo | Aos inimigos, a lei - Instituto Cultural Padre Josimo","isPartOf":{"@id":"https:\/\/padrejosimo.com.br\/site\/#website"},"primaryImageOfPage":{"@id":"https:\/\/padrejosimo.com.br\/site\/artigos\/artigo-aos-inimigos-a-lei\/#primaryimage"},"image":{"@id":"https:\/\/padrejosimo.com.br\/site\/artigos\/artigo-aos-inimigos-a-lei\/#primaryimage"},"thumbnailUrl":"https:\/\/padrejosimo.com.br\/site\/wp-content\/uploads\/2020\/02\/328FA0CF003B569C3AEBEB047D744A7521C3D9CA8309FDC43A366D6A936E2E89.jpg","datePublished":"2020-02-11T19:11:18+00:00","breadcrumb":{"@id":"https:\/\/padrejosimo.com.br\/site\/artigos\/artigo-aos-inimigos-a-lei\/#breadcrumb"},"inLanguage":"pt-BR","potentialAction":[{"@type":"ReadAction","target":["https:\/\/padrejosimo.com.br\/site\/artigos\/artigo-aos-inimigos-a-lei\/"]}]},{"@type":"ImageObject","inLanguage":"pt-BR","@id":"https:\/\/padrejosimo.com.br\/site\/artigos\/artigo-aos-inimigos-a-lei\/#primaryimage","url":"https:\/\/padrejosimo.com.br\/site\/wp-content\/uploads\/2020\/02\/328FA0CF003B569C3AEBEB047D744A7521C3D9CA8309FDC43A366D6A936E2E89.jpg","contentUrl":"https:\/\/padrejosimo.com.br\/site\/wp-content\/uploads\/2020\/02\/328FA0CF003B569C3AEBEB047D744A7521C3D9CA8309FDC43A366D6A936E2E89.jpg","width":640,"height":349},{"@type":"BreadcrumbList","@id":"https:\/\/padrejosimo.com.br\/site\/artigos\/artigo-aos-inimigos-a-lei\/#breadcrumb","itemListElement":[{"@type":"ListItem","position":1,"name":"In\u00edcio","item":"https:\/\/padrejosimo.com.br\/site\/"},{"@type":"ListItem","position":2,"name":"Artigos","item":"https:\/\/padrejosimo.com.br\/site\/artigos\/"},{"@type":"ListItem","position":3,"name":"Artigo | Aos inimigos, a lei"}]},{"@type":"WebSite","@id":"https:\/\/padrejosimo.com.br\/site\/#website","url":"https:\/\/padrejosimo.com.br\/site\/","name":"Instituto Cultural Padre Josimo","description":"Comprometida com a promo\u00e7\u00e3o da justi\u00e7a social, agroecologia e educa\u00e7\u00e3o popular","publisher":{"@id":"https:\/\/padrejosimo.com.br\/site\/#organization"},"alternateName":"ICPJ","potentialAction":[{"@type":"SearchAction","target":{"@type":"EntryPoint","urlTemplate":"https:\/\/padrejosimo.com.br\/site\/?s={search_term_string}"},"query-input":{"@type":"PropertyValueSpecification","valueRequired":true,"valueName":"search_term_string"}}],"inLanguage":"pt-BR"},{"@type":"Organization","@id":"https:\/\/padrejosimo.com.br\/site\/#organization","name":"Instituto Cultural Padre Josimo","alternateName":"ICPJ","url":"https:\/\/padrejosimo.com.br\/site\/","logo":{"@type":"ImageObject","inLanguage":"pt-BR","@id":"https:\/\/padrejosimo.com.br\/site\/#\/schema\/logo\/image\/","url":"https:\/\/padrejosimo.com.br\/site\/wp-content\/uploads\/2025\/09\/cropped-icon-icpj.png","contentUrl":"https:\/\/padrejosimo.com.br\/site\/wp-content\/uploads\/2025\/09\/cropped-icon-icpj.png","width":512,"height":512,"caption":"Instituto Cultural Padre Josimo"},"image":{"@id":"https:\/\/padrejosimo.com.br\/site\/#\/schema\/logo\/image\/"}}]}},"_links":{"self":[{"href":"https:\/\/padrejosimo.com.br\/site\/wp-json\/wp\/v2\/artigos\/2871","targetHints":{"allow":["GET"]}}],"collection":[{"href":"https:\/\/padrejosimo.com.br\/site\/wp-json\/wp\/v2\/artigos"}],"about":[{"href":"https:\/\/padrejosimo.com.br\/site\/wp-json\/wp\/v2\/types\/artigos"}],"author":[{"embeddable":true,"href":"https:\/\/padrejosimo.com.br\/site\/wp-json\/wp\/v2\/users\/20"}],"wp:attachment":[{"href":"https:\/\/padrejosimo.com.br\/site\/wp-json\/wp\/v2\/media?parent=2871"}],"curies":[{"name":"wp","href":"https:\/\/api.w.org\/{rel}","templated":true}]}}