{"id":2847,"date":"2020-02-04T10:59:14","date_gmt":"2020-02-04T13:59:14","guid":{"rendered":"https:\/\/padrejosimo.com.br\/site\/?post_type=artigos&#038;p=2847"},"modified":"2020-02-04T10:59:47","modified_gmt":"2020-02-04T13:59:47","slug":"artigo-a-petrobras-esta-dentro-de-nossas-casas","status":"publish","type":"artigos","link":"https:\/\/padrejosimo.com.br\/site\/artigos\/artigo-a-petrobras-esta-dentro-de-nossas-casas\/","title":{"rendered":"Artigo | A Petrobr\u00e1s est\u00e1 dentro de nossas casas"},"content":{"rendered":"<header>\n<div class=\"details-bar\">\n<div class=\"author-time\">\n<div class=\"author\">Frei S\u00e9rgio Ant\u00f4nio G\u00f6rgen<\/div>\n<div class=\"author\">Frade franciscano, Militante do MPA<\/div>\n<div class=\"place translated-links\">\u00a0<\/div>\n<\/div>\n<\/div>\n<figure>\n<div class=\"img-container\">\n<figure style=\"width: 800px\" class=\"wp-caption alignnone\"><img fetchpriority=\"high\" decoding=\"async\" src=\"https:\/\/img.brasildefato.com.br\/media\/e9f91b463a65c96ac7d120fe9082e199.jpeg\" alt=\"\" width=\"800\" height=\"548\" \/><figcaption class=\"wp-caption-text\"><span style=\"color: #808080;\"><em><span style=\"font-size: 8pt;\">Frei S\u00e9rgio chama \u00e0 defesa da Petrobr\u00e1s todos os trabalhadores e as trabalhadoras: &#8220;Somos todos petroleiros!&#8221; &#8211; Caio Barbosa\/MPA<\/span><\/em><\/span><\/figcaption><\/figure>\n<\/div>\n<\/figure>\n<\/header>\n<div class=\"content\">\n<div class=\"text-content\">\n<p>O \u00f4nibus que nos leva at\u00e9 a rodovi\u00e1ria, at\u00e9 o bairro ou at\u00e9 o centro da cidade \u00e9 movido a diesel, com petr\u00f3leo extra\u00eddo do fundo do mar, pela Petrobr\u00e1s e seus trabalhadores, com tecnologia de explora\u00e7\u00e3o em \u00e1guas profundas desenvolvida por engenheiros e cientistas desta nossa amada na\u00e7\u00e3o.<\/p>\n<p>Nossos carros e motos se movem com gasolina, da mesma fonte e da mesma empresa. Assim nossos tratores, caminh\u00f5es e colheitadeiras. Produzem e transportam o alimento e as bebidas que est\u00e3o todos os dias em nossas mesas.<\/p>\n<p>Cozinhamos e aquecemos \u00e1gua &#8211; para o caf\u00e9, o ch\u00e1, o chimarr\u00e3o \u2013 com g\u00e1s de cozinha originado na forma gasosa de co-produto proveniente da extra\u00e7\u00e3o do petr\u00f3leo. Assim tamb\u00e9m fertilizantes nitrogenados e uma gama enorme de produtos origin\u00e1rios da petroqu\u00edmica est\u00e3o presentes em nosso quotidiano.\u00a0 Muito mais do que imaginamos, de pl\u00e1sticos, estofados a chinelos de dedos.<\/p>\n<p>Em tudo isto, a Petrobr\u00e1s presente.<\/p>\n<p>Esta empresa \u00e9 uma de nossas maiores fa\u00e7anhas como Povo Brasileiro. Muitos lutaram por ela. Muitos desacreditavam de suas possibilidades. Get\u00falio Vargas assumiu a decis\u00e3o pol\u00edtica de cria-la no bojo de um fant\u00e1stico movimento popular chamado \u201cO Petr\u00f3leo \u00e9 Nosso\u201d.<\/p>\n<p>O mesmo Get\u00falio criou a F\u00e1brica Nacional de Motores e a Companhia Brasileira de Tratores. Mas Juscelino Kubitscheck, em troca de multinacionais automobil\u00edsticas e de m\u00e1quinas agr\u00edcolas, rifou a ind\u00fastria e a tecnologia nacional. O militares nacionalistas \u2013 j\u00e1 existiu este tipo de seres em nosso pa\u00eds \u2013 n\u00e3o aceitaram entregar a fabrica\u00e7\u00e3o de avi\u00f5es e a Embraer sobreviveu como empresa nacional at\u00e9 dias atr\u00e1s.<\/p>\n<p>E assim a FNM e a CBT foram extintas e os motores de nossos \u00f4nibus, carros, motos, tratores, colheitadeiras, caminh\u00f5es s\u00e3o todos produzidos por multinacionais e o lucro vai para fora. E vivemos o paradoxo de um povo que desenvolveu ci\u00eancia para explorar petr\u00f3leo em \u00e1guas profundas e construir avi\u00f5es, mas n\u00e3o sabe fazer uma motocicleta, um carro, &#8230;&#8230; N\u00e3o que n\u00e3o sabe, \u00e9 que houve uma decis\u00e3o pol\u00edtica que entregou isto a outros e matou o que era nosso. Matou a ci\u00eancia, o saber, a ind\u00fastria.<\/p>\n<p>Agora as multinacionais querem tamb\u00e9m a Petrobr\u00e1s e todo o nosso Petr\u00f3leo.<\/p>\n<p>O processo est\u00e1 em andamento, por isto o pre\u00e7o dos combust\u00edveis e do g\u00e1s j\u00e1 est\u00e1 dolarizado e sobe conforme a moeda americana. As refinarias da Petrobr\u00e1s produzem 70% de sua capacidade e n\u00f3s exportamos \u00f3leo cru e importamos diesel. Petrobr\u00e1s produz adubos nitrogenados. Fecharam a f\u00e1brica e passaremos a importar encarecendo ainda mais os custos de produ\u00e7\u00e3o agr\u00edcola, que vai encarecer o alimento.<\/p>\n<p>Os trabalhadores da Petrobras, os heroicos Petroleiros, est\u00e3o na linha de frente para resistir e n\u00e3o deixar que este descalabro aconte\u00e7a.<\/p>\n<p>Fosse por mim, n\u00e3o queria a Ford, a Mercedes, a GM, a\u00a0 John Deere ganhando dinheiro nas nossas costas e levando o lucro para fora enquanto nosso povo passa necessidade. Mais dia, menos dia, um projeto nacional come\u00e7ar\u00e1 a reverter esta desnacionaliza\u00e7\u00e3o reconstruindo uma na\u00e7\u00e3o livre, justa e soberana.<\/p>\n<p>Precisamos a Petrobras nacional e p\u00fablica dentro de nossas casas, em nosso quotidiano, industrializando o pa\u00eds e gerando emprego, vendendo combust\u00edvel em reais e n\u00e3o em d\u00f3lares. Dispensamos a Esso, a Shell, e outras que tais, sugando nosso suor, nosso sangue e levando nossas riquezas.<\/p>\n<p>At\u00e9 para a grande transi\u00e7\u00e3o ecol\u00f3gica que as mudan\u00e7as clim\u00e1ticas nos obrigar\u00e3o a fazer, diminuindo paulatinamente a petrodepend\u00eancia em nossa economia, em nossa agricultura e em nossa sociedade, ser\u00e1 mais f\u00e1cil e mais vi\u00e1vel com uma Petrobr\u00e1s nacional e p\u00fablica.<\/p>\n<p>Viva a resist\u00eancia petroleira. Todo o apoio \u00e0 greve dos petroleiros. Somos todos petroleiros.<\/p>\n<\/div>\n<\/div>\n","protected":false},"excerpt":{"rendered":"<p>Frei S\u00e9rgio chama \u00e0 defesa da Petrobr\u00e1s todos os trabalhadores e as trabalhadoras: &#8220;Somos todos petroleiros!&#8221; <\/p>\n","protected":false},"author":1,"template":"","class_list":["post-2847","artigos","type-artigos","status-publish","hentry"],"acf":[],"yoast_head":"<!-- This site is optimized with the Yoast SEO plugin v27.2 - https:\/\/yoast.com\/product\/yoast-seo-wordpress\/ -->\n<title>Artigo | A Petrobr\u00e1s est\u00e1 dentro de nossas casas - Instituto Cultural Padre Josimo<\/title>\n<meta name=\"robots\" content=\"index, follow, max-snippet:-1, max-image-preview:large, max-video-preview:-1\" \/>\n<link rel=\"canonical\" href=\"https:\/\/padrejosimo.com.br\/site\/artigos\/artigo-a-petrobras-esta-dentro-de-nossas-casas\/\" \/>\n<meta property=\"og:locale\" content=\"pt_BR\" \/>\n<meta property=\"og:type\" content=\"article\" \/>\n<meta property=\"og:title\" content=\"Artigo | A Petrobr\u00e1s est\u00e1 dentro de nossas casas - Instituto Cultural Padre Josimo\" \/>\n<meta property=\"og:description\" content=\"Frei S\u00e9rgio chama \u00e0 defesa da Petrobr\u00e1s todos os trabalhadores e as trabalhadoras: &quot;Somos todos petroleiros!&quot;\" \/>\n<meta property=\"og:url\" content=\"https:\/\/padrejosimo.com.br\/site\/artigos\/artigo-a-petrobras-esta-dentro-de-nossas-casas\/\" \/>\n<meta property=\"og:site_name\" content=\"Instituto Cultural Padre Josimo\" \/>\n<meta property=\"article:modified_time\" content=\"2020-02-04T13:59:47+00:00\" \/>\n<meta property=\"og:image\" content=\"https:\/\/img.brasildefato.com.br\/media\/e9f91b463a65c96ac7d120fe9082e199.jpeg\" \/>\n<meta name=\"twitter:card\" content=\"summary_large_image\" \/>\n<meta name=\"twitter:label1\" content=\"Est. tempo de leitura\" \/>\n\t<meta name=\"twitter:data1\" content=\"3 minutos\" \/>\n<script type=\"application\/ld+json\" class=\"yoast-schema-graph\">{\"@context\":\"https:\/\/schema.org\",\"@graph\":[{\"@type\":\"WebPage\",\"@id\":\"https:\/\/padrejosimo.com.br\/site\/artigos\/artigo-a-petrobras-esta-dentro-de-nossas-casas\/\",\"url\":\"https:\/\/padrejosimo.com.br\/site\/artigos\/artigo-a-petrobras-esta-dentro-de-nossas-casas\/\",\"name\":\"Artigo | A Petrobr\u00e1s est\u00e1 dentro de nossas casas - Instituto Cultural Padre Josimo\",\"isPartOf\":{\"@id\":\"https:\/\/padrejosimo.com.br\/site\/#website\"},\"primaryImageOfPage\":{\"@id\":\"https:\/\/padrejosimo.com.br\/site\/artigos\/artigo-a-petrobras-esta-dentro-de-nossas-casas\/#primaryimage\"},\"image\":{\"@id\":\"https:\/\/padrejosimo.com.br\/site\/artigos\/artigo-a-petrobras-esta-dentro-de-nossas-casas\/#primaryimage\"},\"thumbnailUrl\":\"https:\/\/img.brasildefato.com.br\/media\/e9f91b463a65c96ac7d120fe9082e199.jpeg\",\"datePublished\":\"2020-02-04T13:59:14+00:00\",\"dateModified\":\"2020-02-04T13:59:47+00:00\",\"breadcrumb\":{\"@id\":\"https:\/\/padrejosimo.com.br\/site\/artigos\/artigo-a-petrobras-esta-dentro-de-nossas-casas\/#breadcrumb\"},\"inLanguage\":\"pt-BR\",\"potentialAction\":[{\"@type\":\"ReadAction\",\"target\":[\"https:\/\/padrejosimo.com.br\/site\/artigos\/artigo-a-petrobras-esta-dentro-de-nossas-casas\/\"]}]},{\"@type\":\"ImageObject\",\"inLanguage\":\"pt-BR\",\"@id\":\"https:\/\/padrejosimo.com.br\/site\/artigos\/artigo-a-petrobras-esta-dentro-de-nossas-casas\/#primaryimage\",\"url\":\"https:\/\/img.brasildefato.com.br\/media\/e9f91b463a65c96ac7d120fe9082e199.jpeg\",\"contentUrl\":\"https:\/\/img.brasildefato.com.br\/media\/e9f91b463a65c96ac7d120fe9082e199.jpeg\"},{\"@type\":\"BreadcrumbList\",\"@id\":\"https:\/\/padrejosimo.com.br\/site\/artigos\/artigo-a-petrobras-esta-dentro-de-nossas-casas\/#breadcrumb\",\"itemListElement\":[{\"@type\":\"ListItem\",\"position\":1,\"name\":\"In\u00edcio\",\"item\":\"https:\/\/padrejosimo.com.br\/site\/\"},{\"@type\":\"ListItem\",\"position\":2,\"name\":\"Artigos\",\"item\":\"https:\/\/padrejosimo.com.br\/site\/artigos\/\"},{\"@type\":\"ListItem\",\"position\":3,\"name\":\"Artigo | A Petrobr\u00e1s est\u00e1 dentro de nossas casas\"}]},{\"@type\":\"WebSite\",\"@id\":\"https:\/\/padrejosimo.com.br\/site\/#website\",\"url\":\"https:\/\/padrejosimo.com.br\/site\/\",\"name\":\"Instituto Cultural Padre Josimo\",\"description\":\"Comprometida com a promo\u00e7\u00e3o da justi\u00e7a social, agroecologia e educa\u00e7\u00e3o popular\",\"publisher\":{\"@id\":\"https:\/\/padrejosimo.com.br\/site\/#organization\"},\"alternateName\":\"ICPJ\",\"potentialAction\":[{\"@type\":\"SearchAction\",\"target\":{\"@type\":\"EntryPoint\",\"urlTemplate\":\"https:\/\/padrejosimo.com.br\/site\/?s={search_term_string}\"},\"query-input\":{\"@type\":\"PropertyValueSpecification\",\"valueRequired\":true,\"valueName\":\"search_term_string\"}}],\"inLanguage\":\"pt-BR\"},{\"@type\":\"Organization\",\"@id\":\"https:\/\/padrejosimo.com.br\/site\/#organization\",\"name\":\"Instituto Cultural Padre Josimo\",\"alternateName\":\"ICPJ\",\"url\":\"https:\/\/padrejosimo.com.br\/site\/\",\"logo\":{\"@type\":\"ImageObject\",\"inLanguage\":\"pt-BR\",\"@id\":\"https:\/\/padrejosimo.com.br\/site\/#\/schema\/logo\/image\/\",\"url\":\"https:\/\/padrejosimo.com.br\/site\/wp-content\/uploads\/2025\/09\/cropped-icon-icpj.png\",\"contentUrl\":\"https:\/\/padrejosimo.com.br\/site\/wp-content\/uploads\/2025\/09\/cropped-icon-icpj.png\",\"width\":512,\"height\":512,\"caption\":\"Instituto Cultural Padre Josimo\"},\"image\":{\"@id\":\"https:\/\/padrejosimo.com.br\/site\/#\/schema\/logo\/image\/\"}}]}<\/script>\n<!-- \/ Yoast SEO plugin. -->","yoast_head_json":{"title":"Artigo | A Petrobr\u00e1s est\u00e1 dentro de nossas casas - Instituto Cultural Padre Josimo","robots":{"index":"index","follow":"follow","max-snippet":"max-snippet:-1","max-image-preview":"max-image-preview:large","max-video-preview":"max-video-preview:-1"},"canonical":"https:\/\/padrejosimo.com.br\/site\/artigos\/artigo-a-petrobras-esta-dentro-de-nossas-casas\/","og_locale":"pt_BR","og_type":"article","og_title":"Artigo | A Petrobr\u00e1s est\u00e1 dentro de nossas casas - Instituto Cultural Padre Josimo","og_description":"Frei S\u00e9rgio chama \u00e0 defesa da Petrobr\u00e1s todos os trabalhadores e as trabalhadoras: \"Somos todos petroleiros!\"","og_url":"https:\/\/padrejosimo.com.br\/site\/artigos\/artigo-a-petrobras-esta-dentro-de-nossas-casas\/","og_site_name":"Instituto Cultural Padre Josimo","article_modified_time":"2020-02-04T13:59:47+00:00","og_image":[{"url":"https:\/\/img.brasildefato.com.br\/media\/e9f91b463a65c96ac7d120fe9082e199.jpeg","type":"","width":"","height":""}],"twitter_card":"summary_large_image","twitter_misc":{"Est. tempo de leitura":"3 minutos"},"schema":{"@context":"https:\/\/schema.org","@graph":[{"@type":"WebPage","@id":"https:\/\/padrejosimo.com.br\/site\/artigos\/artigo-a-petrobras-esta-dentro-de-nossas-casas\/","url":"https:\/\/padrejosimo.com.br\/site\/artigos\/artigo-a-petrobras-esta-dentro-de-nossas-casas\/","name":"Artigo | A Petrobr\u00e1s est\u00e1 dentro de nossas casas - Instituto Cultural Padre Josimo","isPartOf":{"@id":"https:\/\/padrejosimo.com.br\/site\/#website"},"primaryImageOfPage":{"@id":"https:\/\/padrejosimo.com.br\/site\/artigos\/artigo-a-petrobras-esta-dentro-de-nossas-casas\/#primaryimage"},"image":{"@id":"https:\/\/padrejosimo.com.br\/site\/artigos\/artigo-a-petrobras-esta-dentro-de-nossas-casas\/#primaryimage"},"thumbnailUrl":"https:\/\/img.brasildefato.com.br\/media\/e9f91b463a65c96ac7d120fe9082e199.jpeg","datePublished":"2020-02-04T13:59:14+00:00","dateModified":"2020-02-04T13:59:47+00:00","breadcrumb":{"@id":"https:\/\/padrejosimo.com.br\/site\/artigos\/artigo-a-petrobras-esta-dentro-de-nossas-casas\/#breadcrumb"},"inLanguage":"pt-BR","potentialAction":[{"@type":"ReadAction","target":["https:\/\/padrejosimo.com.br\/site\/artigos\/artigo-a-petrobras-esta-dentro-de-nossas-casas\/"]}]},{"@type":"ImageObject","inLanguage":"pt-BR","@id":"https:\/\/padrejosimo.com.br\/site\/artigos\/artigo-a-petrobras-esta-dentro-de-nossas-casas\/#primaryimage","url":"https:\/\/img.brasildefato.com.br\/media\/e9f91b463a65c96ac7d120fe9082e199.jpeg","contentUrl":"https:\/\/img.brasildefato.com.br\/media\/e9f91b463a65c96ac7d120fe9082e199.jpeg"},{"@type":"BreadcrumbList","@id":"https:\/\/padrejosimo.com.br\/site\/artigos\/artigo-a-petrobras-esta-dentro-de-nossas-casas\/#breadcrumb","itemListElement":[{"@type":"ListItem","position":1,"name":"In\u00edcio","item":"https:\/\/padrejosimo.com.br\/site\/"},{"@type":"ListItem","position":2,"name":"Artigos","item":"https:\/\/padrejosimo.com.br\/site\/artigos\/"},{"@type":"ListItem","position":3,"name":"Artigo | A Petrobr\u00e1s est\u00e1 dentro de nossas casas"}]},{"@type":"WebSite","@id":"https:\/\/padrejosimo.com.br\/site\/#website","url":"https:\/\/padrejosimo.com.br\/site\/","name":"Instituto Cultural Padre Josimo","description":"Comprometida com a promo\u00e7\u00e3o da justi\u00e7a social, agroecologia e educa\u00e7\u00e3o popular","publisher":{"@id":"https:\/\/padrejosimo.com.br\/site\/#organization"},"alternateName":"ICPJ","potentialAction":[{"@type":"SearchAction","target":{"@type":"EntryPoint","urlTemplate":"https:\/\/padrejosimo.com.br\/site\/?s={search_term_string}"},"query-input":{"@type":"PropertyValueSpecification","valueRequired":true,"valueName":"search_term_string"}}],"inLanguage":"pt-BR"},{"@type":"Organization","@id":"https:\/\/padrejosimo.com.br\/site\/#organization","name":"Instituto Cultural Padre Josimo","alternateName":"ICPJ","url":"https:\/\/padrejosimo.com.br\/site\/","logo":{"@type":"ImageObject","inLanguage":"pt-BR","@id":"https:\/\/padrejosimo.com.br\/site\/#\/schema\/logo\/image\/","url":"https:\/\/padrejosimo.com.br\/site\/wp-content\/uploads\/2025\/09\/cropped-icon-icpj.png","contentUrl":"https:\/\/padrejosimo.com.br\/site\/wp-content\/uploads\/2025\/09\/cropped-icon-icpj.png","width":512,"height":512,"caption":"Instituto Cultural Padre Josimo"},"image":{"@id":"https:\/\/padrejosimo.com.br\/site\/#\/schema\/logo\/image\/"}}]}},"_links":{"self":[{"href":"https:\/\/padrejosimo.com.br\/site\/wp-json\/wp\/v2\/artigos\/2847","targetHints":{"allow":["GET"]}}],"collection":[{"href":"https:\/\/padrejosimo.com.br\/site\/wp-json\/wp\/v2\/artigos"}],"about":[{"href":"https:\/\/padrejosimo.com.br\/site\/wp-json\/wp\/v2\/types\/artigos"}],"author":[{"embeddable":true,"href":"https:\/\/padrejosimo.com.br\/site\/wp-json\/wp\/v2\/users\/1"}],"wp:attachment":[{"href":"https:\/\/padrejosimo.com.br\/site\/wp-json\/wp\/v2\/media?parent=2847"}],"curies":[{"name":"wp","href":"https:\/\/api.w.org\/{rel}","templated":true}]}}