{"id":2845,"date":"2020-02-04T07:26:20","date_gmt":"2020-02-04T10:26:20","guid":{"rendered":"https:\/\/padrejosimo.com.br\/site\/?post_type=artigos&#038;p=2845"},"modified":"2020-02-04T07:26:20","modified_gmt":"2020-02-04T10:26:20","slug":"artigo-as-aguas-de-minas","status":"publish","type":"artigos","link":"https:\/\/padrejosimo.com.br\/site\/artigos\/artigo-as-aguas-de-minas\/","title":{"rendered":"Artigo | As \u00e1guas de Minas"},"content":{"rendered":"<div>\n<blockquote>\n<p><b><i>Roberto Malvezzi (Gog\u00f3)<\/i><\/b><\/p>\n<\/blockquote>\n<p>&nbsp;<\/p>\n<p><img fetchpriority=\"high\" decoding=\"async\" class=\" wp-image-2846 aligncenter\" src=\"https:\/\/padrejosimo.com.br\/site\/wp-content\/uploads\/2020\/02\/rios_voadores.jpg\" alt=\"\" width=\"814\" height=\"426\" srcset=\"https:\/\/padrejosimo.com.br\/site\/wp-content\/uploads\/2020\/02\/rios_voadores.jpg 502w, https:\/\/padrejosimo.com.br\/site\/wp-content\/uploads\/2020\/02\/rios_voadores-300x157.jpg 300w\" sizes=\"(max-width: 814px) 100vw, 814px\" \/><\/p>\n<p>As \u00e1guas de Minas v\u00eam da Amaz\u00f4nia,<\/p>\n<p>Assim como as \u00e1guas que caem<\/p>\n<p>No Paran\u00e1, Santa Catarina, Rio Grande do Sul<\/p>\n<p>S\u00e3o Paulo, Buenos Aires e Assun\u00e7\u00e3o.<\/p>\n<p>&nbsp;<\/p>\n<p>Por\u00e9m, as \u00e1guas aqui de Juazeiro-Petrolina v\u00eam de Minas,<\/p>\n<p>Pelo Velho Chico<\/p>\n<p>Mas que vieram da Amaz\u00f4nia para Minas pelos Rios Voadores<\/p>\n<p>&nbsp;<\/p>\n<p>Os Rios Voadores fazem chover nas \u00e1reas de recarga do Bambu\u00ed e do Urucuia, mas tamb\u00e9m do Guarani<\/p>\n<p>E as \u00e1guas de superf\u00edcie de Minas v\u00e3o para a Bacia do Prata<\/p>\n<p>Ou para a Bacia do S\u00e3o Francisco<\/p>\n<p>Ou para a Bacia do Doce<\/p>\n<p>Ou Jequitinhonha<\/p>\n<p>E outros.<\/p>\n<p>&nbsp;<\/p>\n<p>O ciclo das \u00e1guas \u00e9 a pedra angular das recargas dos mananciais<\/p>\n<p>Por\u00e9m, se destru\u00edrem a Amaz\u00f4nia, n\u00e3o haver\u00e1 mais o ciclo das \u00e1guas brasileiras como \u00e9 hoje<\/p>\n<p>Se continuarem destruindo a vegeta\u00e7\u00e3o das bacias hidrogr\u00e1ficas<\/p>\n<p>Emparedando rios<\/p>\n<p>As \u00e1guas aumentar\u00e3o sua f\u00faria<\/p>\n<p>E pode chegar a bairros chiques de Belo Horizonte<\/p>\n<p>Inclusive seus restaurantes<\/p>\n<p>&nbsp;<\/p>\n<p>A vingan\u00e7a de Gaia j\u00e1 come\u00e7ou<\/p>\n<p>E nem sempre os pobres morrer\u00e3o primeiro<\/p>\n<p>&nbsp;<\/p>\n<p>Ainda h\u00e1 tempo de revers\u00e3o<\/p>\n<p>Por\u00e9m, como diz o Papa Francisco,<\/p>\n<p>Se tardar mais, tarde demais<\/p>\n<\/div>\n","protected":false},"excerpt":{"rendered":"<p>Roberto Malvezzi (Gog\u00f3) &nbsp; As \u00e1guas de Minas v\u00eam da Amaz\u00f4nia, Assim como as \u00e1guas que caem No Paran\u00e1, Santa Catarina, Rio Grande do Sul S\u00e3o Paulo, Buenos Aires e Assun\u00e7\u00e3o. &nbsp; Por\u00e9m, as \u00e1guas aqui de Juazeiro-Petrolina v\u00eam de Minas, Pelo Velho Chico Mas que vieram da Amaz\u00f4nia para Minas pelos Rios Voadores &nbsp; [&hellip;]<\/p>\n","protected":false},"author":9,"template":"","class_list":["post-2845","artigos","type-artigos","status-publish","hentry"],"acf":[],"yoast_head":"<!-- This site is optimized with the Yoast SEO plugin v27.2 - https:\/\/yoast.com\/product\/yoast-seo-wordpress\/ -->\n<title>Artigo | As \u00e1guas de Minas - Instituto Cultural Padre Josimo<\/title>\n<meta name=\"robots\" content=\"index, follow, max-snippet:-1, max-image-preview:large, max-video-preview:-1\" \/>\n<link rel=\"canonical\" href=\"https:\/\/padrejosimo.com.br\/site\/artigos\/artigo-as-aguas-de-minas\/\" \/>\n<meta property=\"og:locale\" content=\"pt_BR\" \/>\n<meta property=\"og:type\" content=\"article\" \/>\n<meta property=\"og:title\" content=\"Artigo | As \u00e1guas de Minas - Instituto Cultural Padre Josimo\" \/>\n<meta property=\"og:description\" content=\"Roberto Malvezzi (Gog\u00f3) &nbsp; As \u00e1guas de Minas v\u00eam da Amaz\u00f4nia, Assim como as \u00e1guas que caem No Paran\u00e1, Santa Catarina, Rio Grande do Sul S\u00e3o Paulo, Buenos Aires e Assun\u00e7\u00e3o. &nbsp; Por\u00e9m, as \u00e1guas aqui de Juazeiro-Petrolina v\u00eam de Minas, Pelo Velho Chico Mas que vieram da Amaz\u00f4nia para Minas pelos Rios Voadores &nbsp; [&hellip;]\" \/>\n<meta property=\"og:url\" content=\"https:\/\/padrejosimo.com.br\/site\/artigos\/artigo-as-aguas-de-minas\/\" \/>\n<meta property=\"og:site_name\" content=\"Instituto Cultural Padre Josimo\" \/>\n<meta property=\"og:image\" content=\"https:\/\/padrejosimo.com.br\/site\/wp-content\/uploads\/2020\/02\/rios_voadores.jpg\" \/>\n<meta name=\"twitter:card\" content=\"summary_large_image\" \/>\n<meta name=\"twitter:label1\" content=\"Est. tempo de leitura\" \/>\n\t<meta name=\"twitter:data1\" content=\"1 minuto\" \/>\n<script type=\"application\/ld+json\" class=\"yoast-schema-graph\">{\"@context\":\"https:\/\/schema.org\",\"@graph\":[{\"@type\":\"WebPage\",\"@id\":\"https:\/\/padrejosimo.com.br\/site\/artigos\/artigo-as-aguas-de-minas\/\",\"url\":\"https:\/\/padrejosimo.com.br\/site\/artigos\/artigo-as-aguas-de-minas\/\",\"name\":\"Artigo | As \u00e1guas de Minas - Instituto Cultural Padre Josimo\",\"isPartOf\":{\"@id\":\"https:\/\/padrejosimo.com.br\/site\/#website\"},\"primaryImageOfPage\":{\"@id\":\"https:\/\/padrejosimo.com.br\/site\/artigos\/artigo-as-aguas-de-minas\/#primaryimage\"},\"image\":{\"@id\":\"https:\/\/padrejosimo.com.br\/site\/artigos\/artigo-as-aguas-de-minas\/#primaryimage\"},\"thumbnailUrl\":\"https:\/\/padrejosimo.com.br\/site\/wp-content\/uploads\/2020\/02\/rios_voadores.jpg\",\"datePublished\":\"2020-02-04T10:26:20+00:00\",\"breadcrumb\":{\"@id\":\"https:\/\/padrejosimo.com.br\/site\/artigos\/artigo-as-aguas-de-minas\/#breadcrumb\"},\"inLanguage\":\"pt-BR\",\"potentialAction\":[{\"@type\":\"ReadAction\",\"target\":[\"https:\/\/padrejosimo.com.br\/site\/artigos\/artigo-as-aguas-de-minas\/\"]}]},{\"@type\":\"ImageObject\",\"inLanguage\":\"pt-BR\",\"@id\":\"https:\/\/padrejosimo.com.br\/site\/artigos\/artigo-as-aguas-de-minas\/#primaryimage\",\"url\":\"https:\/\/padrejosimo.com.br\/site\/wp-content\/uploads\/2020\/02\/rios_voadores.jpg\",\"contentUrl\":\"https:\/\/padrejosimo.com.br\/site\/wp-content\/uploads\/2020\/02\/rios_voadores.jpg\",\"width\":502,\"height\":263},{\"@type\":\"BreadcrumbList\",\"@id\":\"https:\/\/padrejosimo.com.br\/site\/artigos\/artigo-as-aguas-de-minas\/#breadcrumb\",\"itemListElement\":[{\"@type\":\"ListItem\",\"position\":1,\"name\":\"In\u00edcio\",\"item\":\"https:\/\/padrejosimo.com.br\/site\/\"},{\"@type\":\"ListItem\",\"position\":2,\"name\":\"Artigos\",\"item\":\"https:\/\/padrejosimo.com.br\/site\/artigos\/\"},{\"@type\":\"ListItem\",\"position\":3,\"name\":\"Artigo | As \u00e1guas de Minas\"}]},{\"@type\":\"WebSite\",\"@id\":\"https:\/\/padrejosimo.com.br\/site\/#website\",\"url\":\"https:\/\/padrejosimo.com.br\/site\/\",\"name\":\"Instituto Cultural Padre Josimo\",\"description\":\"Comprometida com a promo\u00e7\u00e3o da justi\u00e7a social, agroecologia e educa\u00e7\u00e3o popular\",\"publisher\":{\"@id\":\"https:\/\/padrejosimo.com.br\/site\/#organization\"},\"alternateName\":\"ICPJ\",\"potentialAction\":[{\"@type\":\"SearchAction\",\"target\":{\"@type\":\"EntryPoint\",\"urlTemplate\":\"https:\/\/padrejosimo.com.br\/site\/?s={search_term_string}\"},\"query-input\":{\"@type\":\"PropertyValueSpecification\",\"valueRequired\":true,\"valueName\":\"search_term_string\"}}],\"inLanguage\":\"pt-BR\"},{\"@type\":\"Organization\",\"@id\":\"https:\/\/padrejosimo.com.br\/site\/#organization\",\"name\":\"Instituto Cultural Padre Josimo\",\"alternateName\":\"ICPJ\",\"url\":\"https:\/\/padrejosimo.com.br\/site\/\",\"logo\":{\"@type\":\"ImageObject\",\"inLanguage\":\"pt-BR\",\"@id\":\"https:\/\/padrejosimo.com.br\/site\/#\/schema\/logo\/image\/\",\"url\":\"https:\/\/padrejosimo.com.br\/site\/wp-content\/uploads\/2025\/09\/cropped-icon-icpj.png\",\"contentUrl\":\"https:\/\/padrejosimo.com.br\/site\/wp-content\/uploads\/2025\/09\/cropped-icon-icpj.png\",\"width\":512,\"height\":512,\"caption\":\"Instituto Cultural Padre Josimo\"},\"image\":{\"@id\":\"https:\/\/padrejosimo.com.br\/site\/#\/schema\/logo\/image\/\"}}]}<\/script>\n<!-- \/ Yoast SEO plugin. -->","yoast_head_json":{"title":"Artigo | As \u00e1guas de Minas - Instituto Cultural Padre Josimo","robots":{"index":"index","follow":"follow","max-snippet":"max-snippet:-1","max-image-preview":"max-image-preview:large","max-video-preview":"max-video-preview:-1"},"canonical":"https:\/\/padrejosimo.com.br\/site\/artigos\/artigo-as-aguas-de-minas\/","og_locale":"pt_BR","og_type":"article","og_title":"Artigo | As \u00e1guas de Minas - Instituto Cultural Padre Josimo","og_description":"Roberto Malvezzi (Gog\u00f3) &nbsp; As \u00e1guas de Minas v\u00eam da Amaz\u00f4nia, Assim como as \u00e1guas que caem No Paran\u00e1, Santa Catarina, Rio Grande do Sul S\u00e3o Paulo, Buenos Aires e Assun\u00e7\u00e3o. &nbsp; Por\u00e9m, as \u00e1guas aqui de Juazeiro-Petrolina v\u00eam de Minas, Pelo Velho Chico Mas que vieram da Amaz\u00f4nia para Minas pelos Rios Voadores &nbsp; [&hellip;]","og_url":"https:\/\/padrejosimo.com.br\/site\/artigos\/artigo-as-aguas-de-minas\/","og_site_name":"Instituto Cultural Padre Josimo","og_image":[{"url":"https:\/\/padrejosimo.com.br\/site\/wp-content\/uploads\/2020\/02\/rios_voadores.jpg","type":"","width":"","height":""}],"twitter_card":"summary_large_image","twitter_misc":{"Est. tempo de leitura":"1 minuto"},"schema":{"@context":"https:\/\/schema.org","@graph":[{"@type":"WebPage","@id":"https:\/\/padrejosimo.com.br\/site\/artigos\/artigo-as-aguas-de-minas\/","url":"https:\/\/padrejosimo.com.br\/site\/artigos\/artigo-as-aguas-de-minas\/","name":"Artigo | As \u00e1guas de Minas - Instituto Cultural Padre Josimo","isPartOf":{"@id":"https:\/\/padrejosimo.com.br\/site\/#website"},"primaryImageOfPage":{"@id":"https:\/\/padrejosimo.com.br\/site\/artigos\/artigo-as-aguas-de-minas\/#primaryimage"},"image":{"@id":"https:\/\/padrejosimo.com.br\/site\/artigos\/artigo-as-aguas-de-minas\/#primaryimage"},"thumbnailUrl":"https:\/\/padrejosimo.com.br\/site\/wp-content\/uploads\/2020\/02\/rios_voadores.jpg","datePublished":"2020-02-04T10:26:20+00:00","breadcrumb":{"@id":"https:\/\/padrejosimo.com.br\/site\/artigos\/artigo-as-aguas-de-minas\/#breadcrumb"},"inLanguage":"pt-BR","potentialAction":[{"@type":"ReadAction","target":["https:\/\/padrejosimo.com.br\/site\/artigos\/artigo-as-aguas-de-minas\/"]}]},{"@type":"ImageObject","inLanguage":"pt-BR","@id":"https:\/\/padrejosimo.com.br\/site\/artigos\/artigo-as-aguas-de-minas\/#primaryimage","url":"https:\/\/padrejosimo.com.br\/site\/wp-content\/uploads\/2020\/02\/rios_voadores.jpg","contentUrl":"https:\/\/padrejosimo.com.br\/site\/wp-content\/uploads\/2020\/02\/rios_voadores.jpg","width":502,"height":263},{"@type":"BreadcrumbList","@id":"https:\/\/padrejosimo.com.br\/site\/artigos\/artigo-as-aguas-de-minas\/#breadcrumb","itemListElement":[{"@type":"ListItem","position":1,"name":"In\u00edcio","item":"https:\/\/padrejosimo.com.br\/site\/"},{"@type":"ListItem","position":2,"name":"Artigos","item":"https:\/\/padrejosimo.com.br\/site\/artigos\/"},{"@type":"ListItem","position":3,"name":"Artigo | As \u00e1guas de Minas"}]},{"@type":"WebSite","@id":"https:\/\/padrejosimo.com.br\/site\/#website","url":"https:\/\/padrejosimo.com.br\/site\/","name":"Instituto Cultural Padre Josimo","description":"Comprometida com a promo\u00e7\u00e3o da justi\u00e7a social, agroecologia e educa\u00e7\u00e3o popular","publisher":{"@id":"https:\/\/padrejosimo.com.br\/site\/#organization"},"alternateName":"ICPJ","potentialAction":[{"@type":"SearchAction","target":{"@type":"EntryPoint","urlTemplate":"https:\/\/padrejosimo.com.br\/site\/?s={search_term_string}"},"query-input":{"@type":"PropertyValueSpecification","valueRequired":true,"valueName":"search_term_string"}}],"inLanguage":"pt-BR"},{"@type":"Organization","@id":"https:\/\/padrejosimo.com.br\/site\/#organization","name":"Instituto Cultural Padre Josimo","alternateName":"ICPJ","url":"https:\/\/padrejosimo.com.br\/site\/","logo":{"@type":"ImageObject","inLanguage":"pt-BR","@id":"https:\/\/padrejosimo.com.br\/site\/#\/schema\/logo\/image\/","url":"https:\/\/padrejosimo.com.br\/site\/wp-content\/uploads\/2025\/09\/cropped-icon-icpj.png","contentUrl":"https:\/\/padrejosimo.com.br\/site\/wp-content\/uploads\/2025\/09\/cropped-icon-icpj.png","width":512,"height":512,"caption":"Instituto Cultural Padre Josimo"},"image":{"@id":"https:\/\/padrejosimo.com.br\/site\/#\/schema\/logo\/image\/"}}]}},"_links":{"self":[{"href":"https:\/\/padrejosimo.com.br\/site\/wp-json\/wp\/v2\/artigos\/2845","targetHints":{"allow":["GET"]}}],"collection":[{"href":"https:\/\/padrejosimo.com.br\/site\/wp-json\/wp\/v2\/artigos"}],"about":[{"href":"https:\/\/padrejosimo.com.br\/site\/wp-json\/wp\/v2\/types\/artigos"}],"author":[{"embeddable":true,"href":"https:\/\/padrejosimo.com.br\/site\/wp-json\/wp\/v2\/users\/9"}],"wp:attachment":[{"href":"https:\/\/padrejosimo.com.br\/site\/wp-json\/wp\/v2\/media?parent=2845"}],"curies":[{"name":"wp","href":"https:\/\/api.w.org\/{rel}","templated":true}]}}