{"id":2804,"date":"2020-01-23T19:19:34","date_gmt":"2020-01-23T22:19:34","guid":{"rendered":"https:\/\/padrejosimo.com.br\/site\/?post_type=artigos&#038;p=2804"},"modified":"2020-01-24T16:07:11","modified_gmt":"2020-01-24T19:07:11","slug":"o-governo-tarso-e-a-seca-de-2012-no-rs","status":"publish","type":"artigos","link":"https:\/\/padrejosimo.com.br\/site\/artigos\/o-governo-tarso-e-a-seca-de-2012-no-rs\/","title":{"rendered":"O Governo Tarso e a seca de 2012 no RS"},"content":{"rendered":"<blockquote>\n<p>Frei S\u00e9rgio Antonio G\u00f6rgen*<\/p>\n<p>Adilson Schuu*<\/p>\n<p>Leandro Noronha de Freitas*<\/p>\n<\/blockquote>\n<p><strong>\u00a0<\/strong><\/p>\n<figure id=\"attachment_2805\" aria-describedby=\"caption-attachment-2805\" style=\"width: 700px\" class=\"wp-caption alignleft\"><img fetchpriority=\"high\" decoding=\"async\" class=\"size-full wp-image-2805\" src=\"https:\/\/padrejosimo.com.br\/site\/wp-content\/uploads\/2020\/01\/12868727.jpg\" alt=\"\" width=\"700\" height=\"466\" srcset=\"https:\/\/padrejosimo.com.br\/site\/wp-content\/uploads\/2020\/01\/12868727.jpg 700w, https:\/\/padrejosimo.com.br\/site\/wp-content\/uploads\/2020\/01\/12868727-300x200.jpg 300w\" sizes=\"(max-width: 700px) 100vw, 700px\" \/><figcaption id=\"caption-attachment-2805\" class=\"wp-caption-text\"><em>Tarso Genro, acompanhados de secret\u00e1rios de estado e ministros foi at\u00e9 as unidades produtivas atingidas pela seca (Foto: Diego Vara)<\/em><\/figcaption><\/figure>\n<p>Em 2012 abateu-se uma severa\u00a0 estiagem sobre o Rio Grande do Sul. Neste per\u00edodo quem governava o estado era Tarso Genro, do Partido dos Trabalhadores (PT), \u00a0com uma ampla alian\u00e7a de partidos e movimentos sociais democr\u00e1ticos e de esquerda. Diante da seca e seus graves efeitos sobre toda a sociedade ga\u00facha, de modo especial sobre os pequenos agricultores &#8211; afetando o abastecimento de \u00e1gua, destruindo as planta\u00e7\u00f5es agr\u00edcolas, provocando perda de peso nos animais, redu\u00e7\u00e3o na produ\u00e7\u00e3o de leite e at\u00e9 morte de animais -, o ent\u00e3o Governador se movimentou rapidamente e mobilizou todo o seu governo.<\/p>\n<p>Tarso foi pessoalmente at\u00e9 as regi\u00f5es afetadas, falou com as comunidades, visitou fam\u00edlias de agricultores, ouviu lideran\u00e7as, prefeitos, autoridades locais, tomou medidas imediatas. Assumiu empenho em amenizar os efeitos da estiagem. Mobilizou recursos financeiros do Governo do Estado e buscou recursos junto ao Governo Federal. Trouxe Ministros de Estado ao Rio Grande do Sul e os levou at\u00e9 \u00e0s regi\u00f5es com situa\u00e7\u00e3o de maior gravidade. A Defesa Civil foi mobilizada para garantir \u00e1gua para as fam\u00edlias com problemas de abastecimento. Mobilizou prefeituras e repassou recursos para garantir distribui\u00e7\u00e3o de \u00e1gua. O Governador constituiu um Grupo de Trabalho para acompanhar a crise social provocada pelos efeitos da estiagem. Medidas emergenciais, preventivas e estruturais foram discutidas com a sociedade.<\/p>\n<p>O Conselho de Desenvolvimento Econ\u00f4mico e Social foi convocado para ouvir sugest\u00f5es e propostas de solu\u00e7\u00e3o do conjunto da sociedade ga\u00facha. Todos os setores que compunham o \u201cConselh\u00e3o\u201d se manifestaram e o Governador, com todos os Secret\u00e1rios de Estado envolvidos no tema, ouviram e anotaram. Tarso anunciou ali mesmo, na reuni\u00e3o do Conselh\u00e3o, a anistia do Troca-Troca de milho para os munic\u00edpios afetados pela seca. Reconheceu a gravidade da situa\u00e7\u00e3o e afirmou: \u201cEsta estiagem n\u00e3o \u00e9 uma marolinha\u201d. Assinou Decreto Coletivo de Emerg\u00eancia evitando a tradicional burocracia de analisar caso a caso at\u00e9 que o socorro pudesse chegar \u00e0s regi\u00f5es afetadas.<\/p>\n<p>Na sequ\u00eancia houve a anistia de parcelas com o FEAPPER incidentes no ano de 2012, prorroga\u00e7\u00e3o das d\u00edvidas com os bancos p\u00fablicos do Estado do Rio Grande do Sul, Banrisul e Badesul. \u00a0Como medidas preventivas e de m\u00e9dio prazo, afeitas ao poder de decis\u00e3o do Governo do Estado, houve a simplifica\u00e7\u00e3o da licen\u00e7a ambiental da FEPAM para a constru\u00e7\u00e3o de pequenos a\u00e7udes voltados \u00e0 reserva de \u00e1gua para dessedenta\u00e7\u00e3o animal e irriga\u00e7\u00e3o. Junto ao Governo Federal e em parceria com o Estado, foram liberados recursos para constru\u00e7\u00e3o de a\u00e7udes, redes de distribui\u00e7\u00e3o de \u00e1gua e constru\u00e7\u00e3o de cisternas. Estas \u00faltimas, infelizmente, por conta de um absurdo veto t\u00e9cnico da EMATER, s\u00f3 foram autorizadas se executadas em sistema de ferro cimento e nenhuma foi constru\u00edda. Os Movimentos Sociais queriam construir cisternas de placas, pois seriam mais adequadas e com maior facilidade de constru\u00e7\u00e3o e envolvimento das comunidades. A intransig\u00eancia t\u00e9cnica de setores da Emater na \u00e9poca fez com que nenhuma cisterna fosse \u00a0constru\u00edda e o dinheiro devolvido aos cofres federais.<\/p>\n<p>Uma das principais reivindica\u00e7\u00f5es dos Movimentos Sociais do Campo, de modo especial a Via Campesina, foi atendida pelo Governador Tarso. Foi criado o Cart\u00e3o Estiagem \u2013 Cart\u00e3o Emerg\u00eancia Rural \u2013 para que os atingidos pudessem adquirir alimenta\u00e7\u00e3o e outras necessidades dom\u00e9sticas, no valor de R$ 500,00 por fam\u00edlia. Milhares de fam\u00edlias tiveram sua situa\u00e7\u00e3o amenizada e sentiram a presen\u00e7a de um Governo Popular dentro de suas pr\u00f3prias casas. Importante lembrar tudo isto num per\u00edodo em que dois governos eleitos pelo voto popular est\u00e3o de costas viradas para o povo que sofre com as consequ\u00eancias de uma estiagem t\u00e3o grave quanto aquela de 2012.<\/p>\n<p>Os n\u00fameros n\u00e3o mentem. As a\u00e7\u00f5es emergenciais praticadas pelo governo Tarso, assumindo um compromisso de solidariedade, envolveram R$ 205,9 milh\u00f5es, tendo como p\u00fablico alvo agricultores familiares, fam\u00edlias camponesas, assentados da reforma agr\u00e1ria, pecuaristas familiares, pescadores artesanais, quilombolas e ind\u00edgenas. Os objetivos principais previam fomentar lavouras &#8211; especialmente de milho -, e fornecer socorro emergencial aos atingidos, minimizando os efeitos desfavor\u00e1veis, em especial nas regi\u00f5es mais pobres e de maior incid\u00eancia, combinando a\u00e7\u00f5es emergenciais com a\u00e7\u00f5es de car\u00e1ter estrutural, no intuito de proteger a renda das fam\u00edlias e incentivar a sua perman\u00eancia no meio rural.<\/p>\n<p>No tocante aos benef\u00edcios que foram poss\u00edveis implementar, pode-se citar uma m\u00e9dia de 160 mil fam\u00edlias com o Programa Troca-Troca de Sementes. Cerca de 45 mil fam\u00edlias foram beneficiadas com anistia \u00e0s d\u00edvidas junto ao\u00a0 Feaper, Funterra e RS Rural. Exatas 2.445 fam\u00edlias receberam anistia \u00e0s d\u00edvidas do Programa Mais Alimento. J\u00e1 com o Cart\u00e3o Emerg\u00eancia Rural (Estiagem de 2012) foram 108 mil fam\u00edlias beneficiadas. Cerca de 7.800 fam\u00edlias tiveram acesso \u00e0 distribui\u00e7\u00e3o de trigo em gr\u00e3os para alimenta\u00e7\u00e3o animal (ainda referente \u00e0 estiagem de 2011). Atrav\u00e9s da Emater foram realizadas 78 mil Per\u00edcias de Proagro, que resultaram em mais de R$ 1 bilh\u00e3o em indeniza\u00e7\u00e3o.<\/p>\n<p>Hoje, o que estamos vendo ao alcan\u00e7ar o terceiro m\u00eas de estiagem e crescer diariamente o n\u00famero de munic\u00edpios declarando Estado de Emerg\u00eancia, \u00e9 um governo que n\u00e3o acena com nada de recurso e nenhuma sensibilidade humana.<\/p>\n<p>Mas o povo come\u00e7a a se mover em busca de seus direitos.<\/p>\n<p>&nbsp;<\/p>\n<p>*Frei S\u00e9rgio, Adilson e Leandro s\u00e3o dirigentes do Movimento dos Pequenos Agricultores (MPA).<\/p>\n<blockquote>\n<p>&nbsp;<\/p>\n<p>Leia tamb\u00e9m o texto informativo\/opinativo que o jornalista Marcos Corbari escreveu a partir de uma entrevista com Tarso Genro, onde relembra como foi enfrentada a estiagem durante seu governo e apresenta impress\u00f5es a respeito do modo como o atual governador est\u00e1 tratando com o problema: <a href=\"https:\/\/padrejosimo.com.br\/site\/noticias\/a-estiagem-no-rs-se-da-em-ciclos-que-se-repetem-porem-a-forma-como-os-governos-reagem-a-ela-difere-muito\/\"><strong>CLIQUE AQUI!<\/strong><\/a><\/p>\n<\/blockquote>\n","protected":false},"excerpt":{"rendered":"<p>Confira neste artigo detalhes de como a seca de 2012 foi enfrentada pelo governo Tarso Genro no RS. <\/p>\n","protected":false},"author":1,"template":"","class_list":["post-2804","artigos","type-artigos","status-publish","hentry"],"acf":[],"yoast_head":"<!-- This site is optimized with the Yoast SEO plugin v27.2 - https:\/\/yoast.com\/product\/yoast-seo-wordpress\/ -->\n<title>O Governo Tarso e a seca de 2012 no RS - Instituto Cultural Padre Josimo<\/title>\n<meta name=\"robots\" content=\"index, follow, max-snippet:-1, max-image-preview:large, max-video-preview:-1\" \/>\n<link rel=\"canonical\" href=\"https:\/\/padrejosimo.com.br\/site\/artigos\/o-governo-tarso-e-a-seca-de-2012-no-rs\/\" \/>\n<meta property=\"og:locale\" content=\"pt_BR\" \/>\n<meta property=\"og:type\" content=\"article\" \/>\n<meta property=\"og:title\" content=\"O Governo Tarso e a seca de 2012 no RS - Instituto Cultural Padre Josimo\" \/>\n<meta property=\"og:description\" content=\"Confira neste artigo detalhes de como a seca de 2012 foi enfrentada pelo governo Tarso Genro no RS.\" \/>\n<meta property=\"og:url\" content=\"https:\/\/padrejosimo.com.br\/site\/artigos\/o-governo-tarso-e-a-seca-de-2012-no-rs\/\" \/>\n<meta property=\"og:site_name\" content=\"Instituto Cultural Padre Josimo\" \/>\n<meta property=\"article:modified_time\" content=\"2020-01-24T19:07:11+00:00\" \/>\n<meta property=\"og:image\" content=\"https:\/\/padrejosimo.com.br\/site\/wp-content\/uploads\/2020\/01\/12868727.jpg\" \/>\n<meta name=\"twitter:card\" content=\"summary_large_image\" \/>\n<meta name=\"twitter:label1\" content=\"Est. tempo de leitura\" \/>\n\t<meta name=\"twitter:data1\" content=\"5 minutos\" \/>\n<script type=\"application\/ld+json\" class=\"yoast-schema-graph\">{\"@context\":\"https:\/\/schema.org\",\"@graph\":[{\"@type\":\"WebPage\",\"@id\":\"https:\/\/padrejosimo.com.br\/site\/artigos\/o-governo-tarso-e-a-seca-de-2012-no-rs\/\",\"url\":\"https:\/\/padrejosimo.com.br\/site\/artigos\/o-governo-tarso-e-a-seca-de-2012-no-rs\/\",\"name\":\"O Governo Tarso e a seca de 2012 no RS - Instituto Cultural Padre Josimo\",\"isPartOf\":{\"@id\":\"https:\/\/padrejosimo.com.br\/site\/#website\"},\"primaryImageOfPage\":{\"@id\":\"https:\/\/padrejosimo.com.br\/site\/artigos\/o-governo-tarso-e-a-seca-de-2012-no-rs\/#primaryimage\"},\"image\":{\"@id\":\"https:\/\/padrejosimo.com.br\/site\/artigos\/o-governo-tarso-e-a-seca-de-2012-no-rs\/#primaryimage\"},\"thumbnailUrl\":\"https:\/\/padrejosimo.com.br\/site\/wp-content\/uploads\/2020\/01\/12868727.jpg\",\"datePublished\":\"2020-01-23T22:19:34+00:00\",\"dateModified\":\"2020-01-24T19:07:11+00:00\",\"breadcrumb\":{\"@id\":\"https:\/\/padrejosimo.com.br\/site\/artigos\/o-governo-tarso-e-a-seca-de-2012-no-rs\/#breadcrumb\"},\"inLanguage\":\"pt-BR\",\"potentialAction\":[{\"@type\":\"ReadAction\",\"target\":[\"https:\/\/padrejosimo.com.br\/site\/artigos\/o-governo-tarso-e-a-seca-de-2012-no-rs\/\"]}]},{\"@type\":\"ImageObject\",\"inLanguage\":\"pt-BR\",\"@id\":\"https:\/\/padrejosimo.com.br\/site\/artigos\/o-governo-tarso-e-a-seca-de-2012-no-rs\/#primaryimage\",\"url\":\"https:\/\/padrejosimo.com.br\/site\/wp-content\/uploads\/2020\/01\/12868727.jpg\",\"contentUrl\":\"https:\/\/padrejosimo.com.br\/site\/wp-content\/uploads\/2020\/01\/12868727.jpg\",\"width\":700,\"height\":466,\"caption\":\"Tarso Genro, acompanhados de secret\u00e1rios de estado e ministros foi at\u00e9 as unidades produtivas atingidas pela seca (Foto: Diego Vara)\"},{\"@type\":\"BreadcrumbList\",\"@id\":\"https:\/\/padrejosimo.com.br\/site\/artigos\/o-governo-tarso-e-a-seca-de-2012-no-rs\/#breadcrumb\",\"itemListElement\":[{\"@type\":\"ListItem\",\"position\":1,\"name\":\"In\u00edcio\",\"item\":\"https:\/\/padrejosimo.com.br\/site\/\"},{\"@type\":\"ListItem\",\"position\":2,\"name\":\"Artigos\",\"item\":\"https:\/\/padrejosimo.com.br\/site\/artigos\/\"},{\"@type\":\"ListItem\",\"position\":3,\"name\":\"O Governo Tarso e a seca de 2012 no RS\"}]},{\"@type\":\"WebSite\",\"@id\":\"https:\/\/padrejosimo.com.br\/site\/#website\",\"url\":\"https:\/\/padrejosimo.com.br\/site\/\",\"name\":\"Instituto Cultural Padre Josimo\",\"description\":\"Comprometida com a promo\u00e7\u00e3o da justi\u00e7a social, agroecologia e educa\u00e7\u00e3o popular\",\"publisher\":{\"@id\":\"https:\/\/padrejosimo.com.br\/site\/#organization\"},\"alternateName\":\"ICPJ\",\"potentialAction\":[{\"@type\":\"SearchAction\",\"target\":{\"@type\":\"EntryPoint\",\"urlTemplate\":\"https:\/\/padrejosimo.com.br\/site\/?s={search_term_string}\"},\"query-input\":{\"@type\":\"PropertyValueSpecification\",\"valueRequired\":true,\"valueName\":\"search_term_string\"}}],\"inLanguage\":\"pt-BR\"},{\"@type\":\"Organization\",\"@id\":\"https:\/\/padrejosimo.com.br\/site\/#organization\",\"name\":\"Instituto Cultural Padre Josimo\",\"alternateName\":\"ICPJ\",\"url\":\"https:\/\/padrejosimo.com.br\/site\/\",\"logo\":{\"@type\":\"ImageObject\",\"inLanguage\":\"pt-BR\",\"@id\":\"https:\/\/padrejosimo.com.br\/site\/#\/schema\/logo\/image\/\",\"url\":\"https:\/\/padrejosimo.com.br\/site\/wp-content\/uploads\/2025\/09\/cropped-icon-icpj.png\",\"contentUrl\":\"https:\/\/padrejosimo.com.br\/site\/wp-content\/uploads\/2025\/09\/cropped-icon-icpj.png\",\"width\":512,\"height\":512,\"caption\":\"Instituto Cultural Padre Josimo\"},\"image\":{\"@id\":\"https:\/\/padrejosimo.com.br\/site\/#\/schema\/logo\/image\/\"}}]}<\/script>\n<!-- \/ Yoast SEO plugin. -->","yoast_head_json":{"title":"O Governo Tarso e a seca de 2012 no RS - Instituto Cultural Padre Josimo","robots":{"index":"index","follow":"follow","max-snippet":"max-snippet:-1","max-image-preview":"max-image-preview:large","max-video-preview":"max-video-preview:-1"},"canonical":"https:\/\/padrejosimo.com.br\/site\/artigos\/o-governo-tarso-e-a-seca-de-2012-no-rs\/","og_locale":"pt_BR","og_type":"article","og_title":"O Governo Tarso e a seca de 2012 no RS - Instituto Cultural Padre Josimo","og_description":"Confira neste artigo detalhes de como a seca de 2012 foi enfrentada pelo governo Tarso Genro no RS.","og_url":"https:\/\/padrejosimo.com.br\/site\/artigos\/o-governo-tarso-e-a-seca-de-2012-no-rs\/","og_site_name":"Instituto Cultural Padre Josimo","article_modified_time":"2020-01-24T19:07:11+00:00","og_image":[{"url":"https:\/\/padrejosimo.com.br\/site\/wp-content\/uploads\/2020\/01\/12868727.jpg","type":"","width":"","height":""}],"twitter_card":"summary_large_image","twitter_misc":{"Est. tempo de leitura":"5 minutos"},"schema":{"@context":"https:\/\/schema.org","@graph":[{"@type":"WebPage","@id":"https:\/\/padrejosimo.com.br\/site\/artigos\/o-governo-tarso-e-a-seca-de-2012-no-rs\/","url":"https:\/\/padrejosimo.com.br\/site\/artigos\/o-governo-tarso-e-a-seca-de-2012-no-rs\/","name":"O Governo Tarso e a seca de 2012 no RS - Instituto Cultural Padre Josimo","isPartOf":{"@id":"https:\/\/padrejosimo.com.br\/site\/#website"},"primaryImageOfPage":{"@id":"https:\/\/padrejosimo.com.br\/site\/artigos\/o-governo-tarso-e-a-seca-de-2012-no-rs\/#primaryimage"},"image":{"@id":"https:\/\/padrejosimo.com.br\/site\/artigos\/o-governo-tarso-e-a-seca-de-2012-no-rs\/#primaryimage"},"thumbnailUrl":"https:\/\/padrejosimo.com.br\/site\/wp-content\/uploads\/2020\/01\/12868727.jpg","datePublished":"2020-01-23T22:19:34+00:00","dateModified":"2020-01-24T19:07:11+00:00","breadcrumb":{"@id":"https:\/\/padrejosimo.com.br\/site\/artigos\/o-governo-tarso-e-a-seca-de-2012-no-rs\/#breadcrumb"},"inLanguage":"pt-BR","potentialAction":[{"@type":"ReadAction","target":["https:\/\/padrejosimo.com.br\/site\/artigos\/o-governo-tarso-e-a-seca-de-2012-no-rs\/"]}]},{"@type":"ImageObject","inLanguage":"pt-BR","@id":"https:\/\/padrejosimo.com.br\/site\/artigos\/o-governo-tarso-e-a-seca-de-2012-no-rs\/#primaryimage","url":"https:\/\/padrejosimo.com.br\/site\/wp-content\/uploads\/2020\/01\/12868727.jpg","contentUrl":"https:\/\/padrejosimo.com.br\/site\/wp-content\/uploads\/2020\/01\/12868727.jpg","width":700,"height":466,"caption":"Tarso Genro, acompanhados de secret\u00e1rios de estado e ministros foi at\u00e9 as unidades produtivas atingidas pela seca (Foto: Diego Vara)"},{"@type":"BreadcrumbList","@id":"https:\/\/padrejosimo.com.br\/site\/artigos\/o-governo-tarso-e-a-seca-de-2012-no-rs\/#breadcrumb","itemListElement":[{"@type":"ListItem","position":1,"name":"In\u00edcio","item":"https:\/\/padrejosimo.com.br\/site\/"},{"@type":"ListItem","position":2,"name":"Artigos","item":"https:\/\/padrejosimo.com.br\/site\/artigos\/"},{"@type":"ListItem","position":3,"name":"O Governo Tarso e a seca de 2012 no RS"}]},{"@type":"WebSite","@id":"https:\/\/padrejosimo.com.br\/site\/#website","url":"https:\/\/padrejosimo.com.br\/site\/","name":"Instituto Cultural Padre Josimo","description":"Comprometida com a promo\u00e7\u00e3o da justi\u00e7a social, agroecologia e educa\u00e7\u00e3o popular","publisher":{"@id":"https:\/\/padrejosimo.com.br\/site\/#organization"},"alternateName":"ICPJ","potentialAction":[{"@type":"SearchAction","target":{"@type":"EntryPoint","urlTemplate":"https:\/\/padrejosimo.com.br\/site\/?s={search_term_string}"},"query-input":{"@type":"PropertyValueSpecification","valueRequired":true,"valueName":"search_term_string"}}],"inLanguage":"pt-BR"},{"@type":"Organization","@id":"https:\/\/padrejosimo.com.br\/site\/#organization","name":"Instituto Cultural Padre Josimo","alternateName":"ICPJ","url":"https:\/\/padrejosimo.com.br\/site\/","logo":{"@type":"ImageObject","inLanguage":"pt-BR","@id":"https:\/\/padrejosimo.com.br\/site\/#\/schema\/logo\/image\/","url":"https:\/\/padrejosimo.com.br\/site\/wp-content\/uploads\/2025\/09\/cropped-icon-icpj.png","contentUrl":"https:\/\/padrejosimo.com.br\/site\/wp-content\/uploads\/2025\/09\/cropped-icon-icpj.png","width":512,"height":512,"caption":"Instituto Cultural Padre Josimo"},"image":{"@id":"https:\/\/padrejosimo.com.br\/site\/#\/schema\/logo\/image\/"}}]}},"_links":{"self":[{"href":"https:\/\/padrejosimo.com.br\/site\/wp-json\/wp\/v2\/artigos\/2804","targetHints":{"allow":["GET"]}}],"collection":[{"href":"https:\/\/padrejosimo.com.br\/site\/wp-json\/wp\/v2\/artigos"}],"about":[{"href":"https:\/\/padrejosimo.com.br\/site\/wp-json\/wp\/v2\/types\/artigos"}],"author":[{"embeddable":true,"href":"https:\/\/padrejosimo.com.br\/site\/wp-json\/wp\/v2\/users\/1"}],"wp:attachment":[{"href":"https:\/\/padrejosimo.com.br\/site\/wp-json\/wp\/v2\/media?parent=2804"}],"curies":[{"name":"wp","href":"https:\/\/api.w.org\/{rel}","templated":true}]}}