{"id":2755,"date":"2020-01-14T14:40:35","date_gmt":"2020-01-14T17:40:35","guid":{"rendered":"https:\/\/padrejosimo.com.br\/site\/?post_type=artigos&#038;p=2755"},"modified":"2020-01-14T14:40:35","modified_gmt":"2020-01-14T17:40:35","slug":"artigo-guedes-tropeca-na-saca-de-milho","status":"publish","type":"artigos","link":"https:\/\/padrejosimo.com.br\/site\/artigos\/artigo-guedes-tropeca-na-saca-de-milho\/","title":{"rendered":"Artigo | Guedes trope\u00e7a na saca de milho"},"content":{"rendered":"<blockquote>\n<p><strong>Frei S\u00e9rgio G\u00f6rgen*<\/strong><\/p>\n<\/blockquote>\n<p><img fetchpriority=\"high\" decoding=\"async\" class=\"alignleft  wp-image-2747\" src=\"https:\/\/padrejosimo.com.br\/site\/wp-content\/uploads\/2020\/01\/WhatsApp-Image-2020-01-10-at-13.38.26-1024x576.jpeg\" alt=\"\" width=\"594\" height=\"334\" srcset=\"https:\/\/padrejosimo.com.br\/site\/wp-content\/uploads\/2020\/01\/WhatsApp-Image-2020-01-10-at-13.38.26-1024x576.jpeg 1024w, https:\/\/padrejosimo.com.br\/site\/wp-content\/uploads\/2020\/01\/WhatsApp-Image-2020-01-10-at-13.38.26-300x169.jpeg 300w, https:\/\/padrejosimo.com.br\/site\/wp-content\/uploads\/2020\/01\/WhatsApp-Image-2020-01-10-at-13.38.26-768x432.jpeg 768w, https:\/\/padrejosimo.com.br\/site\/wp-content\/uploads\/2020\/01\/WhatsApp-Image-2020-01-10-at-13.38.26.jpeg 1032w\" sizes=\"(max-width: 594px) 100vw, 594px\" \/>O arranjo econ\u00f4mico de Paulo Guedes vai trope\u00e7ar numa saca de milho.<\/p>\n<p>A economia neoliberal parte do pressuposto de que os fluxos de mercadorias, circula\u00e7\u00e3o financeira e consumo acontecem em equil\u00edbrio, ou, ao menos, tendem ao equil\u00edbrio, autorregulado pelas leis do mercado. Assim creem. Isto mesmo, \u00e9 uma cren\u00e7a, embora dita, ci\u00eancia.<\/p>\n<p>Por isto que os pressupostos neoliberais sempre trope\u00e7aram no alimento. A produ\u00e7\u00e3o de alimentos \u2013 e n\u00e3o h\u00e1 economia nem sociedade sem comida \u2013 est\u00e1 sujeita \u00e0s intemp\u00e9ries e fluxos irregulares de fornecimento.<\/p>\n<p>E como ningu\u00e9m vive sem comer, alimento e agropecu\u00e1ria s\u00e3o partes essenciais da economia.<\/p>\n<p>Por mais que, nos \u00faltimos anos, o neoliberalismo induziu a economia agr\u00edcola ao monop\u00f3lio do agroneg\u00f3cio do gr\u00e3o e a produ\u00e7\u00e3o de carnes em unidades de grande escala, com o intento de ter maior controle e dom\u00ednio sobre os fluxos de mercadorias e das oscila\u00e7\u00f5es do mercado, e portanto, mais estabilidade nas intemp\u00e9ries, a vida concreta tem mostrado que n\u00e3o funciona.<\/p>\n<p>N\u00e3o h\u00e1 estabilidade nem de abastecimento nem de pre\u00e7os de alimentos somente com mecanismos de livre mercado. Necessita de a\u00e7\u00e3o decisiva do Estado, formando estoques, regulando pre\u00e7os, sustentando a produ\u00e7\u00e3o e protegendo seus produtores ( de modo especial os camponeses que abastecem a cesta b\u00e1sica) e regulando o abastecimento. Em suma, controlando e suprindo o mercado.<\/p>\n<p>Embora, em favor da verdade, esta situa\u00e7\u00e3o tenha come\u00e7ado com a acentua\u00e7\u00e3o da influ\u00eancia neoliberal no \u00faltimo per\u00edodo da fase dilmista (2012 em diante) \u00e9 em 2016, com o golpe pol\u00edtico, que o abandono total das pol\u00edticas p\u00fablicas para a produ\u00e7\u00e3o de alimentos que abastecem a mesa do povo, se acentuou no Brasil.<\/p>\n<p>O per\u00edodo Guedes\/Bolsonaro, ent\u00e3o, jogou de vez no abandono e \u00e0 pr\u00f3pria sorte a produ\u00e7\u00e3o e os produtores de alimentos da cesta b\u00e1sica. No dizer deles, \u00e0 competi\u00e7\u00e3o do mercado.<\/p>\n<p>Assim mesmo, ironia do destino em rela\u00e7\u00e3o \u00e0 cren\u00e7a, foi a produ\u00e7\u00e3o agropecu\u00e1ria um dos poucos itens de crescimento econ\u00f4mico e fator de estabilidade inflacion\u00e1ria na economia brasileira j\u00e1 l\u00e1 se v\u00e3o 6 anos. \u00c0s custas de suor e sangue de camponeses que receberam pre\u00e7os baixos por seus produtos.<\/p>\n<p>At\u00e9 que veio a super demanda da China por carne, o d\u00f3lar em alta, a falta de instrumentos de Estado para a devida regula\u00e7\u00e3o e\u2026..a estiagem longa no sul do pa\u00eds, atingindo todas as cadeias produtivas. E nos manuais de economia neoliberal n\u00e3o constam sequer linhas sobre tais fen\u00f4menos e como agir diante deles.<\/p>\n<p>A\u00ed, consequ\u00eancia disto tudo, no ano passado, os volumes de exporta\u00e7\u00e3o de milho explodiram e, agora, com a estiagem, a produ\u00e7\u00e3o desabou. Os estoques est\u00e3o baixos e n\u00e3o h\u00e1 milho suficiente para abastecer o mercado interno. Com d\u00f3lar alto, tamb\u00e9m fruto de derrapagens constantes da dupla governante, o custo para importar milho ser\u00e1 alto.<\/p>\n<p>Tend\u00eancias de pre\u00e7os em alta. J\u00e1 se fala em R$ 55,00 \u00e0 saca de milho, quando na safra passada n\u00e3o passava de R$ 35,00.<\/p>\n<p>E o milho, al\u00e9m de componente direto na dieta alimentar nacional, \u00e9 a principal componente na formula\u00e7\u00e3o da ra\u00e7\u00e3o de frangos, su\u00ednos e gado de leite, este \u00faltimo, atrav\u00e9s da silagem.<\/p>\n<p>E os efeitos ser\u00e3o sobre os pre\u00e7os de todos estes produtos e sobre o abastecimento. E prolongados. Escassez e infla\u00e7\u00e3o de alimentos \u00e0 vista.<\/p>\n<p>A classe m\u00e9dia e a classe trabalhadora est\u00e1vel sentir\u00e3o no bolso o trope\u00e7o de Guedes na saca de milho. A conta ser\u00e1 cara. E os mais pobres, desempregados, subempregados, mal empregados, ver\u00e3o o aumento da fome batendo \u00e0 porta.<\/p>\n<p>E o governo despreparado e sem instrumentos, nem para a\u00e7\u00f5es emergenciais e menos ainda, para a\u00e7\u00f5es estrat\u00e9gicas.<\/p>\n<p>A economia de Guedes sofrer\u00e1 uma queda trope\u00e7ando numa saca de milho.<\/p>\n<p>Mas a conta, enquanto a sonol\u00eancia durar, continuar\u00e1 sendo paga por toda a sociedade.<\/p>\n<p>*Frade Franciscano, autor de \u201cTrincheiras da Resist\u00eancia Camponesa\u201d .<\/p>\n","protected":false},"excerpt":{"rendered":"<p>Frei s\u00e9rgio: &#8220;A economia de Guedes sofrer\u00e1 uma queda trope\u00e7ando numa saca de milho. Mas a conta, enquanto a sonol\u00eancia durar, continuar\u00e1 sendo paga por toda a sociedade.&#8221;<\/p>\n","protected":false},"author":3,"template":"","class_list":["post-2755","artigos","type-artigos","status-publish","hentry"],"acf":[],"yoast_head":"<!-- This site is optimized with the Yoast SEO plugin v27.2 - https:\/\/yoast.com\/product\/yoast-seo-wordpress\/ -->\n<title>Artigo | Guedes trope\u00e7a na saca de milho - Instituto Cultural Padre Josimo<\/title>\n<meta name=\"robots\" content=\"index, follow, max-snippet:-1, max-image-preview:large, max-video-preview:-1\" \/>\n<link rel=\"canonical\" href=\"https:\/\/padrejosimo.com.br\/site\/artigos\/artigo-guedes-tropeca-na-saca-de-milho\/\" \/>\n<meta property=\"og:locale\" content=\"pt_BR\" \/>\n<meta property=\"og:type\" content=\"article\" \/>\n<meta property=\"og:title\" content=\"Artigo | Guedes trope\u00e7a na saca de milho - Instituto Cultural Padre Josimo\" \/>\n<meta property=\"og:description\" content=\"Frei s\u00e9rgio: &quot;A economia de Guedes sofrer\u00e1 uma queda trope\u00e7ando numa saca de milho. Mas a conta, enquanto a sonol\u00eancia durar, continuar\u00e1 sendo paga por toda a sociedade.&quot;\" \/>\n<meta property=\"og:url\" content=\"https:\/\/padrejosimo.com.br\/site\/artigos\/artigo-guedes-tropeca-na-saca-de-milho\/\" \/>\n<meta property=\"og:site_name\" content=\"Instituto Cultural Padre Josimo\" \/>\n<meta property=\"og:image\" content=\"https:\/\/padrejosimo.com.br\/site\/wp-content\/uploads\/2020\/01\/WhatsApp-Image-2020-01-10-at-13.38.26-1024x576.jpeg\" \/>\n<meta name=\"twitter:card\" content=\"summary_large_image\" \/>\n<meta name=\"twitter:label1\" content=\"Est. tempo de leitura\" \/>\n\t<meta name=\"twitter:data1\" content=\"4 minutos\" \/>\n<script type=\"application\/ld+json\" class=\"yoast-schema-graph\">{\"@context\":\"https:\/\/schema.org\",\"@graph\":[{\"@type\":\"WebPage\",\"@id\":\"https:\/\/padrejosimo.com.br\/site\/artigos\/artigo-guedes-tropeca-na-saca-de-milho\/\",\"url\":\"https:\/\/padrejosimo.com.br\/site\/artigos\/artigo-guedes-tropeca-na-saca-de-milho\/\",\"name\":\"Artigo | Guedes trope\u00e7a na saca de milho - Instituto Cultural Padre Josimo\",\"isPartOf\":{\"@id\":\"https:\/\/padrejosimo.com.br\/site\/#website\"},\"primaryImageOfPage\":{\"@id\":\"https:\/\/padrejosimo.com.br\/site\/artigos\/artigo-guedes-tropeca-na-saca-de-milho\/#primaryimage\"},\"image\":{\"@id\":\"https:\/\/padrejosimo.com.br\/site\/artigos\/artigo-guedes-tropeca-na-saca-de-milho\/#primaryimage\"},\"thumbnailUrl\":\"https:\/\/padrejosimo.com.br\/site\/wp-content\/uploads\/2020\/01\/WhatsApp-Image-2020-01-10-at-13.38.26-1024x576.jpeg\",\"datePublished\":\"2020-01-14T17:40:35+00:00\",\"breadcrumb\":{\"@id\":\"https:\/\/padrejosimo.com.br\/site\/artigos\/artigo-guedes-tropeca-na-saca-de-milho\/#breadcrumb\"},\"inLanguage\":\"pt-BR\",\"potentialAction\":[{\"@type\":\"ReadAction\",\"target\":[\"https:\/\/padrejosimo.com.br\/site\/artigos\/artigo-guedes-tropeca-na-saca-de-milho\/\"]}]},{\"@type\":\"ImageObject\",\"inLanguage\":\"pt-BR\",\"@id\":\"https:\/\/padrejosimo.com.br\/site\/artigos\/artigo-guedes-tropeca-na-saca-de-milho\/#primaryimage\",\"url\":\"https:\/\/padrejosimo.com.br\/site\/wp-content\/uploads\/2020\/01\/WhatsApp-Image-2020-01-10-at-13.38.26-1024x576.jpeg\",\"contentUrl\":\"https:\/\/padrejosimo.com.br\/site\/wp-content\/uploads\/2020\/01\/WhatsApp-Image-2020-01-10-at-13.38.26-1024x576.jpeg\"},{\"@type\":\"BreadcrumbList\",\"@id\":\"https:\/\/padrejosimo.com.br\/site\/artigos\/artigo-guedes-tropeca-na-saca-de-milho\/#breadcrumb\",\"itemListElement\":[{\"@type\":\"ListItem\",\"position\":1,\"name\":\"In\u00edcio\",\"item\":\"https:\/\/padrejosimo.com.br\/site\/\"},{\"@type\":\"ListItem\",\"position\":2,\"name\":\"Artigos\",\"item\":\"https:\/\/padrejosimo.com.br\/site\/artigos\/\"},{\"@type\":\"ListItem\",\"position\":3,\"name\":\"Artigo | Guedes trope\u00e7a na saca de milho\"}]},{\"@type\":\"WebSite\",\"@id\":\"https:\/\/padrejosimo.com.br\/site\/#website\",\"url\":\"https:\/\/padrejosimo.com.br\/site\/\",\"name\":\"Instituto Cultural Padre Josimo\",\"description\":\"Comprometida com a promo\u00e7\u00e3o da justi\u00e7a social, agroecologia e educa\u00e7\u00e3o popular\",\"publisher\":{\"@id\":\"https:\/\/padrejosimo.com.br\/site\/#organization\"},\"alternateName\":\"ICPJ\",\"potentialAction\":[{\"@type\":\"SearchAction\",\"target\":{\"@type\":\"EntryPoint\",\"urlTemplate\":\"https:\/\/padrejosimo.com.br\/site\/?s={search_term_string}\"},\"query-input\":{\"@type\":\"PropertyValueSpecification\",\"valueRequired\":true,\"valueName\":\"search_term_string\"}}],\"inLanguage\":\"pt-BR\"},{\"@type\":\"Organization\",\"@id\":\"https:\/\/padrejosimo.com.br\/site\/#organization\",\"name\":\"Instituto Cultural Padre Josimo\",\"alternateName\":\"ICPJ\",\"url\":\"https:\/\/padrejosimo.com.br\/site\/\",\"logo\":{\"@type\":\"ImageObject\",\"inLanguage\":\"pt-BR\",\"@id\":\"https:\/\/padrejosimo.com.br\/site\/#\/schema\/logo\/image\/\",\"url\":\"https:\/\/padrejosimo.com.br\/site\/wp-content\/uploads\/2025\/09\/cropped-icon-icpj.png\",\"contentUrl\":\"https:\/\/padrejosimo.com.br\/site\/wp-content\/uploads\/2025\/09\/cropped-icon-icpj.png\",\"width\":512,\"height\":512,\"caption\":\"Instituto Cultural Padre Josimo\"},\"image\":{\"@id\":\"https:\/\/padrejosimo.com.br\/site\/#\/schema\/logo\/image\/\"}}]}<\/script>\n<!-- \/ Yoast SEO plugin. -->","yoast_head_json":{"title":"Artigo | Guedes trope\u00e7a na saca de milho - Instituto Cultural Padre Josimo","robots":{"index":"index","follow":"follow","max-snippet":"max-snippet:-1","max-image-preview":"max-image-preview:large","max-video-preview":"max-video-preview:-1"},"canonical":"https:\/\/padrejosimo.com.br\/site\/artigos\/artigo-guedes-tropeca-na-saca-de-milho\/","og_locale":"pt_BR","og_type":"article","og_title":"Artigo | Guedes trope\u00e7a na saca de milho - Instituto Cultural Padre Josimo","og_description":"Frei s\u00e9rgio: \"A economia de Guedes sofrer\u00e1 uma queda trope\u00e7ando numa saca de milho. Mas a conta, enquanto a sonol\u00eancia durar, continuar\u00e1 sendo paga por toda a sociedade.\"","og_url":"https:\/\/padrejosimo.com.br\/site\/artigos\/artigo-guedes-tropeca-na-saca-de-milho\/","og_site_name":"Instituto Cultural Padre Josimo","og_image":[{"url":"https:\/\/padrejosimo.com.br\/site\/wp-content\/uploads\/2020\/01\/WhatsApp-Image-2020-01-10-at-13.38.26-1024x576.jpeg","type":"","width":"","height":""}],"twitter_card":"summary_large_image","twitter_misc":{"Est. tempo de leitura":"4 minutos"},"schema":{"@context":"https:\/\/schema.org","@graph":[{"@type":"WebPage","@id":"https:\/\/padrejosimo.com.br\/site\/artigos\/artigo-guedes-tropeca-na-saca-de-milho\/","url":"https:\/\/padrejosimo.com.br\/site\/artigos\/artigo-guedes-tropeca-na-saca-de-milho\/","name":"Artigo | Guedes trope\u00e7a na saca de milho - Instituto Cultural Padre Josimo","isPartOf":{"@id":"https:\/\/padrejosimo.com.br\/site\/#website"},"primaryImageOfPage":{"@id":"https:\/\/padrejosimo.com.br\/site\/artigos\/artigo-guedes-tropeca-na-saca-de-milho\/#primaryimage"},"image":{"@id":"https:\/\/padrejosimo.com.br\/site\/artigos\/artigo-guedes-tropeca-na-saca-de-milho\/#primaryimage"},"thumbnailUrl":"https:\/\/padrejosimo.com.br\/site\/wp-content\/uploads\/2020\/01\/WhatsApp-Image-2020-01-10-at-13.38.26-1024x576.jpeg","datePublished":"2020-01-14T17:40:35+00:00","breadcrumb":{"@id":"https:\/\/padrejosimo.com.br\/site\/artigos\/artigo-guedes-tropeca-na-saca-de-milho\/#breadcrumb"},"inLanguage":"pt-BR","potentialAction":[{"@type":"ReadAction","target":["https:\/\/padrejosimo.com.br\/site\/artigos\/artigo-guedes-tropeca-na-saca-de-milho\/"]}]},{"@type":"ImageObject","inLanguage":"pt-BR","@id":"https:\/\/padrejosimo.com.br\/site\/artigos\/artigo-guedes-tropeca-na-saca-de-milho\/#primaryimage","url":"https:\/\/padrejosimo.com.br\/site\/wp-content\/uploads\/2020\/01\/WhatsApp-Image-2020-01-10-at-13.38.26-1024x576.jpeg","contentUrl":"https:\/\/padrejosimo.com.br\/site\/wp-content\/uploads\/2020\/01\/WhatsApp-Image-2020-01-10-at-13.38.26-1024x576.jpeg"},{"@type":"BreadcrumbList","@id":"https:\/\/padrejosimo.com.br\/site\/artigos\/artigo-guedes-tropeca-na-saca-de-milho\/#breadcrumb","itemListElement":[{"@type":"ListItem","position":1,"name":"In\u00edcio","item":"https:\/\/padrejosimo.com.br\/site\/"},{"@type":"ListItem","position":2,"name":"Artigos","item":"https:\/\/padrejosimo.com.br\/site\/artigos\/"},{"@type":"ListItem","position":3,"name":"Artigo | Guedes trope\u00e7a na saca de milho"}]},{"@type":"WebSite","@id":"https:\/\/padrejosimo.com.br\/site\/#website","url":"https:\/\/padrejosimo.com.br\/site\/","name":"Instituto Cultural Padre Josimo","description":"Comprometida com a promo\u00e7\u00e3o da justi\u00e7a social, agroecologia e educa\u00e7\u00e3o popular","publisher":{"@id":"https:\/\/padrejosimo.com.br\/site\/#organization"},"alternateName":"ICPJ","potentialAction":[{"@type":"SearchAction","target":{"@type":"EntryPoint","urlTemplate":"https:\/\/padrejosimo.com.br\/site\/?s={search_term_string}"},"query-input":{"@type":"PropertyValueSpecification","valueRequired":true,"valueName":"search_term_string"}}],"inLanguage":"pt-BR"},{"@type":"Organization","@id":"https:\/\/padrejosimo.com.br\/site\/#organization","name":"Instituto Cultural Padre Josimo","alternateName":"ICPJ","url":"https:\/\/padrejosimo.com.br\/site\/","logo":{"@type":"ImageObject","inLanguage":"pt-BR","@id":"https:\/\/padrejosimo.com.br\/site\/#\/schema\/logo\/image\/","url":"https:\/\/padrejosimo.com.br\/site\/wp-content\/uploads\/2025\/09\/cropped-icon-icpj.png","contentUrl":"https:\/\/padrejosimo.com.br\/site\/wp-content\/uploads\/2025\/09\/cropped-icon-icpj.png","width":512,"height":512,"caption":"Instituto Cultural Padre Josimo"},"image":{"@id":"https:\/\/padrejosimo.com.br\/site\/#\/schema\/logo\/image\/"}}]}},"_links":{"self":[{"href":"https:\/\/padrejosimo.com.br\/site\/wp-json\/wp\/v2\/artigos\/2755","targetHints":{"allow":["GET"]}}],"collection":[{"href":"https:\/\/padrejosimo.com.br\/site\/wp-json\/wp\/v2\/artigos"}],"about":[{"href":"https:\/\/padrejosimo.com.br\/site\/wp-json\/wp\/v2\/types\/artigos"}],"author":[{"embeddable":true,"href":"https:\/\/padrejosimo.com.br\/site\/wp-json\/wp\/v2\/users\/3"}],"wp:attachment":[{"href":"https:\/\/padrejosimo.com.br\/site\/wp-json\/wp\/v2\/media?parent=2755"}],"curies":[{"name":"wp","href":"https:\/\/api.w.org\/{rel}","templated":true}]}}