{"id":2692,"date":"2019-12-22T19:58:07","date_gmt":"2019-12-22T22:58:07","guid":{"rendered":"https:\/\/padrejosimo.com.br\/site\/?post_type=artigos&#038;p=2692"},"modified":"2019-12-23T09:58:47","modified_gmt":"2019-12-23T12:58:47","slug":"o-deus-de-jesus-x-o-deus-dos-tiranos","status":"publish","type":"artigos","link":"https:\/\/padrejosimo.com.br\/site\/artigos\/o-deus-de-jesus-x-o-deus-dos-tiranos\/","title":{"rendered":"O Deus de Jesus x o deus dos tiranos"},"content":{"rendered":"<blockquote>\n<p><strong><em>Roberto Malvezzi (Gog\u00f3)<\/em><\/strong><\/p>\n<\/blockquote>\n<p>&nbsp;<\/p>\n<figure id=\"attachment_2693\" aria-describedby=\"caption-attachment-2693\" style=\"width: 630px\" class=\"wp-caption alignleft\"><img fetchpriority=\"high\" decoding=\"async\" class=\"size-full wp-image-2693\" src=\"https:\/\/padrejosimo.com.br\/site\/wp-content\/uploads\/2019\/12\/prespio_cermica-pintada_vera-lcia_juiz-de-fora-mg-630x418.jpg\" alt=\"\" width=\"630\" height=\"418\" srcset=\"https:\/\/padrejosimo.com.br\/site\/wp-content\/uploads\/2019\/12\/prespio_cermica-pintada_vera-lcia_juiz-de-fora-mg-630x418.jpg 630w, https:\/\/padrejosimo.com.br\/site\/wp-content\/uploads\/2019\/12\/prespio_cermica-pintada_vera-lcia_juiz-de-fora-mg-630x418-300x199.jpg 300w\" sizes=\"(max-width: 630px) 100vw, 630px\" \/><figcaption id=\"caption-attachment-2693\" class=\"wp-caption-text\"><em><span style=\"font-size: 8pt;\">Pres\u00e9pio em cer\u00e2mica pintada, da artista Vera L\u00facia, de Juiz de Fora-MG (Foto: Divulga\u00e7\u00e3o)<\/span><\/em><\/figcaption><\/figure>\n<p>O Deus de Jesus de Nazar\u00e9 sempre ser\u00e1 um mist\u00e9rio. N\u00e3o s\u00f3 porque \u00e9 o Criador de tudo que existe, inclusive cada um de n\u00f3s, mas porque saiu de sua grandeza para tornar-se um ser humano na barriga de uma jovem perif\u00e9rica, num pa\u00eds perif\u00e9rico, num povo perif\u00e9rico, nas condi\u00e7\u00f5es mais prec\u00e1rias daquele tempo. Aceitar que Deus saiu de sua grandeza para tornar-se um de n\u00f3s \u00e9 mesmo absurdo, portanto, compreendo perfeitamente quem n\u00e3o acredita e at\u00e9 ri de nossa f\u00e9. N\u00e3o \u00e9 maldade, mas o mist\u00e9rio \u00e9 mesmo maior que nossa compreens\u00e3o.<\/p>\n<p>O Deus de Jesus \u00e9 poderoso, mas respeita cada pessoa, o problema particular de cada ser, mas ao mesmo tempo \u00e9 o Senhor do Universo. Para Ele, o pequeno e o grande, o espetacular, o inimagin\u00e1vel andam juntos em p\u00e9 de igualdade. \u00c9 desse Deus que falamos no Natal crist\u00e3o, aquele que se torna um de n\u00f3s, que mora conosco e eleva tudo e todos \u00e0 grandeza de seu projeto definitivo.<\/p>\n<p>O problema do Deus de Jesus \u00e9 que Ele \u00e9 amor, portanto, n\u00e3o pode usar de viol\u00eancia para impor seu projeto, mas o anuncia, oferece e depende de cada um aceitar seguir seus caminhos, ou mesmo recusar suas d\u00e1divas.<\/p>\n<p>Outro \u00e9 o \u201cdeus dos tiranos\u201d, esse que est\u00e1 em moda hoje no Brasil. O deus que est\u00e1 acima de tudo, de todos, que odeia os pobres, os negros, a popula\u00e7\u00e3o LGBT, que tem armas, que tortura, que mata, que pune os indefesos, que rouba os direitos dos trabalhadores, a sa\u00fade dos doentes. Esse \u00e9 o deus de mercen\u00e1rios bilion\u00e1rios, num pa\u00eds de milh\u00f5es de desempregados e at\u00e9 com a volta da fome e da mis\u00e9ria.<\/p>\n<p>Por isso, o Deus de Jesus se escreve com \u201cD\u201d. Por isso o deus dos tiranos se escreve com \u201cd\u201d. O deus dos tiranos \u00e9 o deus de Hitler. \u201cBrasil <strong>acima de<\/strong> Tudo e <strong>Deus acima de todos<\/strong>\u201d, esse \u00e9 o lema do atual governo brasileiro. \u201cDeutschland \u00fcber alles\u201d, \u00e9 o Deus de Hitler que o atual governo trouxe para o Brasil.<\/p>\n<p>N\u00e3o nos espantemos. Esse deus parece poderoso, mas \u00e9 fraco, normalmente desaparece com o ditador que o criou.<\/p>\n<p>O Deus de Jesus, na sua fragilidade-amorosa, est\u00e1 sempre presente no meio de n\u00f3s, at\u00e9 o pleroma, quando Deus ser\u00e1 tudo em todos.<\/p>\n<p>Uma luz brilha nas trevas.<\/p>\n<p>Feliz Natal a todos e todas.<\/p>\n","protected":false},"excerpt":{"rendered":"<p>Roberto Malvezzi: &#8220;O Deus de Jesus se escreve com \u201cD\u201d, o deus dos tiranos se escreve com \u201cd\u201d.<\/p>\n","protected":false},"author":12,"template":"","class_list":["post-2692","artigos","type-artigos","status-publish","hentry"],"acf":[],"yoast_head":"<!-- This site is optimized with the Yoast SEO plugin v27.2 - https:\/\/yoast.com\/product\/yoast-seo-wordpress\/ -->\n<title>O Deus de Jesus x o deus dos tiranos - Instituto Cultural Padre Josimo<\/title>\n<meta name=\"robots\" content=\"index, follow, max-snippet:-1, max-image-preview:large, max-video-preview:-1\" \/>\n<link rel=\"canonical\" href=\"https:\/\/padrejosimo.com.br\/site\/artigos\/o-deus-de-jesus-x-o-deus-dos-tiranos\/\" \/>\n<meta property=\"og:locale\" content=\"pt_BR\" \/>\n<meta property=\"og:type\" content=\"article\" \/>\n<meta property=\"og:title\" content=\"O Deus de Jesus x o deus dos tiranos - Instituto Cultural Padre Josimo\" \/>\n<meta property=\"og:description\" content=\"Roberto Malvezzi: &quot;O Deus de Jesus se escreve com \u201cD\u201d, o deus dos tiranos se escreve com \u201cd\u201d.\" \/>\n<meta property=\"og:url\" content=\"https:\/\/padrejosimo.com.br\/site\/artigos\/o-deus-de-jesus-x-o-deus-dos-tiranos\/\" \/>\n<meta property=\"og:site_name\" content=\"Instituto Cultural Padre Josimo\" \/>\n<meta property=\"article:modified_time\" content=\"2019-12-23T12:58:47+00:00\" \/>\n<meta property=\"og:image\" content=\"https:\/\/padrejosimo.com.br\/site\/wp-content\/uploads\/2019\/12\/prespio_cermica-pintada_vera-lcia_juiz-de-fora-mg-630x418.jpg\" \/>\n<meta name=\"twitter:card\" content=\"summary_large_image\" \/>\n<meta name=\"twitter:label1\" content=\"Est. tempo de leitura\" \/>\n\t<meta name=\"twitter:data1\" content=\"2 minutos\" \/>\n<script type=\"application\/ld+json\" class=\"yoast-schema-graph\">{\"@context\":\"https:\/\/schema.org\",\"@graph\":[{\"@type\":\"WebPage\",\"@id\":\"https:\/\/padrejosimo.com.br\/site\/artigos\/o-deus-de-jesus-x-o-deus-dos-tiranos\/\",\"url\":\"https:\/\/padrejosimo.com.br\/site\/artigos\/o-deus-de-jesus-x-o-deus-dos-tiranos\/\",\"name\":\"O Deus de Jesus x o deus dos tiranos - Instituto Cultural Padre Josimo\",\"isPartOf\":{\"@id\":\"https:\/\/padrejosimo.com.br\/site\/#website\"},\"primaryImageOfPage\":{\"@id\":\"https:\/\/padrejosimo.com.br\/site\/artigos\/o-deus-de-jesus-x-o-deus-dos-tiranos\/#primaryimage\"},\"image\":{\"@id\":\"https:\/\/padrejosimo.com.br\/site\/artigos\/o-deus-de-jesus-x-o-deus-dos-tiranos\/#primaryimage\"},\"thumbnailUrl\":\"https:\/\/padrejosimo.com.br\/site\/wp-content\/uploads\/2019\/12\/prespio_cermica-pintada_vera-lcia_juiz-de-fora-mg-630x418.jpg\",\"datePublished\":\"2019-12-22T22:58:07+00:00\",\"dateModified\":\"2019-12-23T12:58:47+00:00\",\"breadcrumb\":{\"@id\":\"https:\/\/padrejosimo.com.br\/site\/artigos\/o-deus-de-jesus-x-o-deus-dos-tiranos\/#breadcrumb\"},\"inLanguage\":\"pt-BR\",\"potentialAction\":[{\"@type\":\"ReadAction\",\"target\":[\"https:\/\/padrejosimo.com.br\/site\/artigos\/o-deus-de-jesus-x-o-deus-dos-tiranos\/\"]}]},{\"@type\":\"ImageObject\",\"inLanguage\":\"pt-BR\",\"@id\":\"https:\/\/padrejosimo.com.br\/site\/artigos\/o-deus-de-jesus-x-o-deus-dos-tiranos\/#primaryimage\",\"url\":\"https:\/\/padrejosimo.com.br\/site\/wp-content\/uploads\/2019\/12\/prespio_cermica-pintada_vera-lcia_juiz-de-fora-mg-630x418.jpg\",\"contentUrl\":\"https:\/\/padrejosimo.com.br\/site\/wp-content\/uploads\/2019\/12\/prespio_cermica-pintada_vera-lcia_juiz-de-fora-mg-630x418.jpg\"},{\"@type\":\"BreadcrumbList\",\"@id\":\"https:\/\/padrejosimo.com.br\/site\/artigos\/o-deus-de-jesus-x-o-deus-dos-tiranos\/#breadcrumb\",\"itemListElement\":[{\"@type\":\"ListItem\",\"position\":1,\"name\":\"In\u00edcio\",\"item\":\"https:\/\/padrejosimo.com.br\/site\/\"},{\"@type\":\"ListItem\",\"position\":2,\"name\":\"Artigos\",\"item\":\"https:\/\/padrejosimo.com.br\/site\/artigos\/\"},{\"@type\":\"ListItem\",\"position\":3,\"name\":\"O Deus de Jesus x o deus dos tiranos\"}]},{\"@type\":\"WebSite\",\"@id\":\"https:\/\/padrejosimo.com.br\/site\/#website\",\"url\":\"https:\/\/padrejosimo.com.br\/site\/\",\"name\":\"Instituto Cultural Padre Josimo\",\"description\":\"Comprometida com a promo\u00e7\u00e3o da justi\u00e7a social, agroecologia e educa\u00e7\u00e3o popular\",\"publisher\":{\"@id\":\"https:\/\/padrejosimo.com.br\/site\/#organization\"},\"alternateName\":\"ICPJ\",\"potentialAction\":[{\"@type\":\"SearchAction\",\"target\":{\"@type\":\"EntryPoint\",\"urlTemplate\":\"https:\/\/padrejosimo.com.br\/site\/?s={search_term_string}\"},\"query-input\":{\"@type\":\"PropertyValueSpecification\",\"valueRequired\":true,\"valueName\":\"search_term_string\"}}],\"inLanguage\":\"pt-BR\"},{\"@type\":\"Organization\",\"@id\":\"https:\/\/padrejosimo.com.br\/site\/#organization\",\"name\":\"Instituto Cultural Padre Josimo\",\"alternateName\":\"ICPJ\",\"url\":\"https:\/\/padrejosimo.com.br\/site\/\",\"logo\":{\"@type\":\"ImageObject\",\"inLanguage\":\"pt-BR\",\"@id\":\"https:\/\/padrejosimo.com.br\/site\/#\/schema\/logo\/image\/\",\"url\":\"https:\/\/padrejosimo.com.br\/site\/wp-content\/uploads\/2025\/09\/cropped-icon-icpj.png\",\"contentUrl\":\"https:\/\/padrejosimo.com.br\/site\/wp-content\/uploads\/2025\/09\/cropped-icon-icpj.png\",\"width\":512,\"height\":512,\"caption\":\"Instituto Cultural Padre Josimo\"},\"image\":{\"@id\":\"https:\/\/padrejosimo.com.br\/site\/#\/schema\/logo\/image\/\"}}]}<\/script>\n<!-- \/ Yoast SEO plugin. -->","yoast_head_json":{"title":"O Deus de Jesus x o deus dos tiranos - Instituto Cultural Padre Josimo","robots":{"index":"index","follow":"follow","max-snippet":"max-snippet:-1","max-image-preview":"max-image-preview:large","max-video-preview":"max-video-preview:-1"},"canonical":"https:\/\/padrejosimo.com.br\/site\/artigos\/o-deus-de-jesus-x-o-deus-dos-tiranos\/","og_locale":"pt_BR","og_type":"article","og_title":"O Deus de Jesus x o deus dos tiranos - Instituto Cultural Padre Josimo","og_description":"Roberto Malvezzi: \"O Deus de Jesus se escreve com \u201cD\u201d, o deus dos tiranos se escreve com \u201cd\u201d.","og_url":"https:\/\/padrejosimo.com.br\/site\/artigos\/o-deus-de-jesus-x-o-deus-dos-tiranos\/","og_site_name":"Instituto Cultural Padre Josimo","article_modified_time":"2019-12-23T12:58:47+00:00","og_image":[{"url":"https:\/\/padrejosimo.com.br\/site\/wp-content\/uploads\/2019\/12\/prespio_cermica-pintada_vera-lcia_juiz-de-fora-mg-630x418.jpg","type":"","width":"","height":""}],"twitter_card":"summary_large_image","twitter_misc":{"Est. tempo de leitura":"2 minutos"},"schema":{"@context":"https:\/\/schema.org","@graph":[{"@type":"WebPage","@id":"https:\/\/padrejosimo.com.br\/site\/artigos\/o-deus-de-jesus-x-o-deus-dos-tiranos\/","url":"https:\/\/padrejosimo.com.br\/site\/artigos\/o-deus-de-jesus-x-o-deus-dos-tiranos\/","name":"O Deus de Jesus x o deus dos tiranos - Instituto Cultural Padre Josimo","isPartOf":{"@id":"https:\/\/padrejosimo.com.br\/site\/#website"},"primaryImageOfPage":{"@id":"https:\/\/padrejosimo.com.br\/site\/artigos\/o-deus-de-jesus-x-o-deus-dos-tiranos\/#primaryimage"},"image":{"@id":"https:\/\/padrejosimo.com.br\/site\/artigos\/o-deus-de-jesus-x-o-deus-dos-tiranos\/#primaryimage"},"thumbnailUrl":"https:\/\/padrejosimo.com.br\/site\/wp-content\/uploads\/2019\/12\/prespio_cermica-pintada_vera-lcia_juiz-de-fora-mg-630x418.jpg","datePublished":"2019-12-22T22:58:07+00:00","dateModified":"2019-12-23T12:58:47+00:00","breadcrumb":{"@id":"https:\/\/padrejosimo.com.br\/site\/artigos\/o-deus-de-jesus-x-o-deus-dos-tiranos\/#breadcrumb"},"inLanguage":"pt-BR","potentialAction":[{"@type":"ReadAction","target":["https:\/\/padrejosimo.com.br\/site\/artigos\/o-deus-de-jesus-x-o-deus-dos-tiranos\/"]}]},{"@type":"ImageObject","inLanguage":"pt-BR","@id":"https:\/\/padrejosimo.com.br\/site\/artigos\/o-deus-de-jesus-x-o-deus-dos-tiranos\/#primaryimage","url":"https:\/\/padrejosimo.com.br\/site\/wp-content\/uploads\/2019\/12\/prespio_cermica-pintada_vera-lcia_juiz-de-fora-mg-630x418.jpg","contentUrl":"https:\/\/padrejosimo.com.br\/site\/wp-content\/uploads\/2019\/12\/prespio_cermica-pintada_vera-lcia_juiz-de-fora-mg-630x418.jpg"},{"@type":"BreadcrumbList","@id":"https:\/\/padrejosimo.com.br\/site\/artigos\/o-deus-de-jesus-x-o-deus-dos-tiranos\/#breadcrumb","itemListElement":[{"@type":"ListItem","position":1,"name":"In\u00edcio","item":"https:\/\/padrejosimo.com.br\/site\/"},{"@type":"ListItem","position":2,"name":"Artigos","item":"https:\/\/padrejosimo.com.br\/site\/artigos\/"},{"@type":"ListItem","position":3,"name":"O Deus de Jesus x o deus dos tiranos"}]},{"@type":"WebSite","@id":"https:\/\/padrejosimo.com.br\/site\/#website","url":"https:\/\/padrejosimo.com.br\/site\/","name":"Instituto Cultural Padre Josimo","description":"Comprometida com a promo\u00e7\u00e3o da justi\u00e7a social, agroecologia e educa\u00e7\u00e3o popular","publisher":{"@id":"https:\/\/padrejosimo.com.br\/site\/#organization"},"alternateName":"ICPJ","potentialAction":[{"@type":"SearchAction","target":{"@type":"EntryPoint","urlTemplate":"https:\/\/padrejosimo.com.br\/site\/?s={search_term_string}"},"query-input":{"@type":"PropertyValueSpecification","valueRequired":true,"valueName":"search_term_string"}}],"inLanguage":"pt-BR"},{"@type":"Organization","@id":"https:\/\/padrejosimo.com.br\/site\/#organization","name":"Instituto Cultural Padre Josimo","alternateName":"ICPJ","url":"https:\/\/padrejosimo.com.br\/site\/","logo":{"@type":"ImageObject","inLanguage":"pt-BR","@id":"https:\/\/padrejosimo.com.br\/site\/#\/schema\/logo\/image\/","url":"https:\/\/padrejosimo.com.br\/site\/wp-content\/uploads\/2025\/09\/cropped-icon-icpj.png","contentUrl":"https:\/\/padrejosimo.com.br\/site\/wp-content\/uploads\/2025\/09\/cropped-icon-icpj.png","width":512,"height":512,"caption":"Instituto Cultural Padre Josimo"},"image":{"@id":"https:\/\/padrejosimo.com.br\/site\/#\/schema\/logo\/image\/"}}]}},"_links":{"self":[{"href":"https:\/\/padrejosimo.com.br\/site\/wp-json\/wp\/v2\/artigos\/2692","targetHints":{"allow":["GET"]}}],"collection":[{"href":"https:\/\/padrejosimo.com.br\/site\/wp-json\/wp\/v2\/artigos"}],"about":[{"href":"https:\/\/padrejosimo.com.br\/site\/wp-json\/wp\/v2\/types\/artigos"}],"author":[{"embeddable":true,"href":"https:\/\/padrejosimo.com.br\/site\/wp-json\/wp\/v2\/users\/12"}],"wp:attachment":[{"href":"https:\/\/padrejosimo.com.br\/site\/wp-json\/wp\/v2\/media?parent=2692"}],"curies":[{"name":"wp","href":"https:\/\/api.w.org\/{rel}","templated":true}]}}