{"id":2690,"date":"2019-12-23T09:16:53","date_gmt":"2019-12-23T12:16:53","guid":{"rendered":"https:\/\/padrejosimo.com.br\/site\/?post_type=artigos&#038;p=2690"},"modified":"2019-12-23T09:47:17","modified_gmt":"2019-12-23T12:47:17","slug":"artigo-natal-e-ternura","status":"publish","type":"artigos","link":"https:\/\/padrejosimo.com.br\/site\/artigos\/artigo-natal-e-ternura\/","title":{"rendered":"Artigo | Natal \u00e9 ternura"},"content":{"rendered":"<blockquote>\n<p><em><strong>Frei S\u00e9rgio Ant\u00f4nio G\u00f6rgen ofm*<\/strong><\/em><\/p>\n<\/blockquote>\n<p>&nbsp;<\/p>\n<figure id=\"attachment_2691\" aria-describedby=\"caption-attachment-2691\" style=\"width: 680px\" class=\"wp-caption alignleft\"><img fetchpriority=\"high\" decoding=\"async\" class=\"size-full wp-image-2691\" src=\"https:\/\/padrejosimo.com.br\/site\/wp-content\/uploads\/2019\/12\/Foto-2-artigo-A-arte-do-pres\u00e9pio-no-mundo-atual-Custom.jpg\" alt=\"\" width=\"680\" height=\"450\" srcset=\"https:\/\/padrejosimo.com.br\/site\/wp-content\/uploads\/2019\/12\/Foto-2-artigo-A-arte-do-pres\u00e9pio-no-mundo-atual-Custom.jpg 680w, https:\/\/padrejosimo.com.br\/site\/wp-content\/uploads\/2019\/12\/Foto-2-artigo-A-arte-do-pres\u00e9pio-no-mundo-atual-Custom-300x199.jpg 300w\" sizes=\"(max-width: 680px) 100vw, 680px\" \/><figcaption id=\"caption-attachment-2691\" class=\"wp-caption-text\"><em><span style=\"font-size: 8pt;\">Pres\u00e9pio de palha de milho na caba\u00e7a, ano 2000, Minas Gerais. Cole\u00e7\u00e3o Valter Polettini. \/ Paula Barrantes (publicada por http:\/\/jornal.puc-campinas.edu.br)<\/span><\/em><\/figcaption><\/figure>\n<p>Crian\u00e7a inspira ternura, solidariedade, bons sentimentos, sensibilidade. Com crian\u00e7a pobre, nem sempre.\u00a0<\/p>\n<p>Voltemos dois mil e dezenove anos atr\u00e1s.<\/p>\n<p>Aquele recenseamento no local de nascimento, imposto pelo ex\u00e9rcito romano em toda a Galileia militarmente ocupada, com o fim de cobrar impostos, em si, j\u00e1 era uma viol\u00eancia.<\/p>\n<p>Mesmo com a esposa Maria gr\u00e1vida e nos \u00faltimos dias, Jos\u00e9 n\u00e3o teve escolha e foi a Bel\u00e9m, sua terra natal, para se recensear.<\/p>\n<p>Chegou \u00e0 cidadezinha e as hospedarias estavam lotadas. Mesmo com a mulher gr\u00e1vida, ningu\u00e9m cedeu lugar. Nem hospedou.<\/p>\n<p>\u201cMigrante desconhecido, vire-se. Quem garante que n\u00e3o \u00e9 um bandido usando uma mulher gr\u00e1vida?\u201d<\/p>\n<p>Algu\u00e9m, por fim, oferece uma gruta, atr\u00e1s da casa, j\u00e1 no campo.<\/p>\n<p>\u201c \u00c9 o que temos. H\u00e1 muita gente no povoado por causa deste recenseamento\u201d.<\/p>\n<p>\u201cServe. Somos gente sem luxo\u201d. Jos\u00e9 conhece as agruras da vida.<\/p>\n<p>\u201cAnimais circulam por l\u00e1&#8230;.\u201d<\/p>\n<p>\u201cN\u00e3o nos importamos. Vivemos bem com os bichos ao nosso redor. Em Nazar\u00e9, onde moramos, tamb\u00e9m \u00e9 assim. Agradecemos de cora\u00e7\u00e3o\u201d.<\/p>\n<p>E era a noite de Maria. Vieram as dores. Veio o parto. Jos\u00e9 mesmo foi o parteiro. E veio a grande alegria pelo menino nascido.<\/p>\n<p>Os bichos por companhia.<\/p>\n<p>Depois foi se achegando mais gente. Pastores, vizinhos, curiosos, at\u00e9 alguns cidad\u00e3os importantes.\u00a0 Entre eles, uns magos famosos, estudiosos dos astros. Acabam espalhando boato, que, de acordo com uma estrela em movimento, ali nascera um rei.<\/p>\n<p>O rei no poder, Herodes Antipas, carrasco, violento, traidor do seu povo e aliado dos romanos invasores do territ\u00f3rio judaico, mandou matar todas as crian\u00e7as com menos de 2 anos.\u00a0 Assim eliminaria o pretenso rei, filho de pobre. Para ser rei tem que ser filho de rei.<\/p>\n<p>Viol\u00eancia brutal, gritos de horror, dor de m\u00e3es sem consola\u00e7\u00e3o poss\u00edvel, ca\u00e7ada dos poderosos ao sinal de poss\u00edvel esperan\u00e7a para os empobrecidos e humilhados.<\/p>\n<p>Jos\u00e9 e Maria escapam ao horror buscando ref\u00fagio no Egito onde experimentam o ex\u00edlio como migrantes e estrangeiros. A ternura sobrevive \u00e0 viol\u00eancia gra\u00e7as \u00e0 determina\u00e7\u00e3o de um casal heroico. \u00a0<\/p>\n<p>O menino da gruta, o sobrevivente do massacre, o criado no ex\u00edlio, o Filho do Carpinteiro Jos\u00e9 e da Camponesa Maria, cresce em Nazar\u00e9, vive do trabalho, torna-se mestre e cativa disc\u00edpulos, chama Deus de Pai e diz que dEle s\u00f3 vem Amor, prega o Reino de Deus, prega o amor e a paz, perdoa pecadores, cura doentes, anuncia esperan\u00e7a aos pobres, expulsa dem\u00f4nios, arrasta multid\u00f5es, combate o preconceito, aceita mulheres disc\u00edpulas, anuncia e defende um mundo de irm\u00e3os, reparte e ensina a repartir, abra\u00e7a e protege as crian\u00e7as, chora a morte do amigo L\u00e1zaro, arrasta multid\u00f5es e assusta os poderosos.<\/p>\n<p>Condenam, supliciam, pregam na cruz e matam. O corpo.<\/p>\n<p>Porque n\u00e3o morrem ideais como este. O amor e a ternura sofrem mas n\u00e3o desabam. A viol\u00eancia, a injusti\u00e7a, a desigualdade, a mentira, a falta de amor, o desprezo&#8230;&#8230;.doem, machucam e matam. Mas n\u00e3o s\u00e3o a \u00faltima palavra.<\/p>\n<p>\u00c9 de Jesus de Nazar\u00e9 que celebramos o nascimento no dia de Natal. Qualquer outra semelhan\u00e7a \u00e9 mera coincid\u00eancia.<\/p>\n<p>Levantemos a cabe\u00e7a, juntemos as m\u00e3os, fa\u00e7amos preces, unamos cora\u00e7\u00f5es e celebremos: a ternura, o amor, a esperan\u00e7a, a fraternidade, a bemqueren\u00e7a. Os que se identificam com o menino que nasceu, seu projeto e sua vida, fortale\u00e7am a esperan\u00e7a.<\/p>\n<p>\u00c9 o Deus da Vida que se manifesta no melhor da humanidade com o nascimento desta Crian\u00e7a.<\/p>\n<p>&nbsp;<\/p>\n<blockquote>\n<p><em>*S\u00e9rgio Ant\u00f4nio G\u00f6rgen \u00e9 Frei Franciscano, militante do Movimentos dos Pequenos Agricultores e autor dos Livros \u201cEm prece com os Evangelhos\u201d e \u201cTrincheiras da Resist\u00eancia Camponesa\u201d, entre outros.\u00a0<\/em><\/p>\n<\/blockquote>\n","protected":false},"excerpt":{"rendered":"<p>Confira neste artigo a reflex\u00e3o de Frei S\u00e9rgio G\u00f6rgen a respeito do real sentido do Natal.<\/p>\n","protected":false},"author":3,"template":"","class_list":["post-2690","artigos","type-artigos","status-publish","hentry"],"acf":[],"yoast_head":"<!-- This site is optimized with the Yoast SEO plugin v27.2 - https:\/\/yoast.com\/product\/yoast-seo-wordpress\/ -->\n<title>Artigo | Natal \u00e9 ternura - Instituto Cultural Padre Josimo<\/title>\n<meta name=\"robots\" content=\"index, follow, max-snippet:-1, max-image-preview:large, max-video-preview:-1\" \/>\n<link rel=\"canonical\" href=\"https:\/\/padrejosimo.com.br\/site\/artigos\/artigo-natal-e-ternura\/\" \/>\n<meta property=\"og:locale\" content=\"pt_BR\" \/>\n<meta property=\"og:type\" content=\"article\" \/>\n<meta property=\"og:title\" content=\"Artigo | Natal \u00e9 ternura - Instituto Cultural Padre Josimo\" \/>\n<meta property=\"og:description\" content=\"Confira neste artigo a reflex\u00e3o de Frei S\u00e9rgio G\u00f6rgen a respeito do real sentido do Natal.\" \/>\n<meta property=\"og:url\" content=\"https:\/\/padrejosimo.com.br\/site\/artigos\/artigo-natal-e-ternura\/\" \/>\n<meta property=\"og:site_name\" content=\"Instituto Cultural Padre Josimo\" \/>\n<meta property=\"article:modified_time\" content=\"2019-12-23T12:47:17+00:00\" \/>\n<meta property=\"og:image\" content=\"https:\/\/padrejosimo.com.br\/site\/wp-content\/uploads\/2025\/09\/cropped-icon-icpj.png\" \/>\n\t<meta property=\"og:image:width\" content=\"512\" \/>\n\t<meta property=\"og:image:height\" content=\"512\" \/>\n\t<meta property=\"og:image:type\" content=\"image\/png\" \/>\n<meta name=\"twitter:card\" content=\"summary_large_image\" \/>\n<meta name=\"twitter:label1\" content=\"Est. tempo de leitura\" \/>\n\t<meta name=\"twitter:data1\" content=\"3 minutos\" \/>\n<script type=\"application\/ld+json\" class=\"yoast-schema-graph\">{\"@context\":\"https:\/\/schema.org\",\"@graph\":[{\"@type\":\"WebPage\",\"@id\":\"https:\/\/padrejosimo.com.br\/site\/artigos\/artigo-natal-e-ternura\/\",\"url\":\"https:\/\/padrejosimo.com.br\/site\/artigos\/artigo-natal-e-ternura\/\",\"name\":\"Artigo | Natal \u00e9 ternura - Instituto Cultural Padre Josimo\",\"isPartOf\":{\"@id\":\"https:\/\/padrejosimo.com.br\/site\/#website\"},\"datePublished\":\"2019-12-23T12:16:53+00:00\",\"dateModified\":\"2019-12-23T12:47:17+00:00\",\"breadcrumb\":{\"@id\":\"https:\/\/padrejosimo.com.br\/site\/artigos\/artigo-natal-e-ternura\/#breadcrumb\"},\"inLanguage\":\"pt-BR\",\"potentialAction\":[{\"@type\":\"ReadAction\",\"target\":[\"https:\/\/padrejosimo.com.br\/site\/artigos\/artigo-natal-e-ternura\/\"]}]},{\"@type\":\"BreadcrumbList\",\"@id\":\"https:\/\/padrejosimo.com.br\/site\/artigos\/artigo-natal-e-ternura\/#breadcrumb\",\"itemListElement\":[{\"@type\":\"ListItem\",\"position\":1,\"name\":\"In\u00edcio\",\"item\":\"https:\/\/padrejosimo.com.br\/site\/\"},{\"@type\":\"ListItem\",\"position\":2,\"name\":\"Artigos\",\"item\":\"https:\/\/padrejosimo.com.br\/site\/artigos\/\"},{\"@type\":\"ListItem\",\"position\":3,\"name\":\"Artigo | Natal \u00e9 ternura\"}]},{\"@type\":\"WebSite\",\"@id\":\"https:\/\/padrejosimo.com.br\/site\/#website\",\"url\":\"https:\/\/padrejosimo.com.br\/site\/\",\"name\":\"Instituto Cultural Padre Josimo\",\"description\":\"Comprometida com a promo\u00e7\u00e3o da justi\u00e7a social, agroecologia e educa\u00e7\u00e3o popular\",\"publisher\":{\"@id\":\"https:\/\/padrejosimo.com.br\/site\/#organization\"},\"alternateName\":\"ICPJ\",\"potentialAction\":[{\"@type\":\"SearchAction\",\"target\":{\"@type\":\"EntryPoint\",\"urlTemplate\":\"https:\/\/padrejosimo.com.br\/site\/?s={search_term_string}\"},\"query-input\":{\"@type\":\"PropertyValueSpecification\",\"valueRequired\":true,\"valueName\":\"search_term_string\"}}],\"inLanguage\":\"pt-BR\"},{\"@type\":\"Organization\",\"@id\":\"https:\/\/padrejosimo.com.br\/site\/#organization\",\"name\":\"Instituto Cultural Padre Josimo\",\"alternateName\":\"ICPJ\",\"url\":\"https:\/\/padrejosimo.com.br\/site\/\",\"logo\":{\"@type\":\"ImageObject\",\"inLanguage\":\"pt-BR\",\"@id\":\"https:\/\/padrejosimo.com.br\/site\/#\/schema\/logo\/image\/\",\"url\":\"https:\/\/padrejosimo.com.br\/site\/wp-content\/uploads\/2025\/09\/cropped-icon-icpj.png\",\"contentUrl\":\"https:\/\/padrejosimo.com.br\/site\/wp-content\/uploads\/2025\/09\/cropped-icon-icpj.png\",\"width\":512,\"height\":512,\"caption\":\"Instituto Cultural Padre Josimo\"},\"image\":{\"@id\":\"https:\/\/padrejosimo.com.br\/site\/#\/schema\/logo\/image\/\"}}]}<\/script>\n<!-- \/ Yoast SEO plugin. -->","yoast_head_json":{"title":"Artigo | Natal \u00e9 ternura - Instituto Cultural Padre Josimo","robots":{"index":"index","follow":"follow","max-snippet":"max-snippet:-1","max-image-preview":"max-image-preview:large","max-video-preview":"max-video-preview:-1"},"canonical":"https:\/\/padrejosimo.com.br\/site\/artigos\/artigo-natal-e-ternura\/","og_locale":"pt_BR","og_type":"article","og_title":"Artigo | Natal \u00e9 ternura - Instituto Cultural Padre Josimo","og_description":"Confira neste artigo a reflex\u00e3o de Frei S\u00e9rgio G\u00f6rgen a respeito do real sentido do Natal.","og_url":"https:\/\/padrejosimo.com.br\/site\/artigos\/artigo-natal-e-ternura\/","og_site_name":"Instituto Cultural Padre Josimo","article_modified_time":"2019-12-23T12:47:17+00:00","og_image":[{"width":512,"height":512,"url":"https:\/\/padrejosimo.com.br\/site\/wp-content\/uploads\/2025\/09\/cropped-icon-icpj.png","type":"image\/png"}],"twitter_card":"summary_large_image","twitter_misc":{"Est. tempo de leitura":"3 minutos"},"schema":{"@context":"https:\/\/schema.org","@graph":[{"@type":"WebPage","@id":"https:\/\/padrejosimo.com.br\/site\/artigos\/artigo-natal-e-ternura\/","url":"https:\/\/padrejosimo.com.br\/site\/artigos\/artigo-natal-e-ternura\/","name":"Artigo | Natal \u00e9 ternura - Instituto Cultural Padre Josimo","isPartOf":{"@id":"https:\/\/padrejosimo.com.br\/site\/#website"},"datePublished":"2019-12-23T12:16:53+00:00","dateModified":"2019-12-23T12:47:17+00:00","breadcrumb":{"@id":"https:\/\/padrejosimo.com.br\/site\/artigos\/artigo-natal-e-ternura\/#breadcrumb"},"inLanguage":"pt-BR","potentialAction":[{"@type":"ReadAction","target":["https:\/\/padrejosimo.com.br\/site\/artigos\/artigo-natal-e-ternura\/"]}]},{"@type":"BreadcrumbList","@id":"https:\/\/padrejosimo.com.br\/site\/artigos\/artigo-natal-e-ternura\/#breadcrumb","itemListElement":[{"@type":"ListItem","position":1,"name":"In\u00edcio","item":"https:\/\/padrejosimo.com.br\/site\/"},{"@type":"ListItem","position":2,"name":"Artigos","item":"https:\/\/padrejosimo.com.br\/site\/artigos\/"},{"@type":"ListItem","position":3,"name":"Artigo | Natal \u00e9 ternura"}]},{"@type":"WebSite","@id":"https:\/\/padrejosimo.com.br\/site\/#website","url":"https:\/\/padrejosimo.com.br\/site\/","name":"Instituto Cultural Padre Josimo","description":"Comprometida com a promo\u00e7\u00e3o da justi\u00e7a social, agroecologia e educa\u00e7\u00e3o popular","publisher":{"@id":"https:\/\/padrejosimo.com.br\/site\/#organization"},"alternateName":"ICPJ","potentialAction":[{"@type":"SearchAction","target":{"@type":"EntryPoint","urlTemplate":"https:\/\/padrejosimo.com.br\/site\/?s={search_term_string}"},"query-input":{"@type":"PropertyValueSpecification","valueRequired":true,"valueName":"search_term_string"}}],"inLanguage":"pt-BR"},{"@type":"Organization","@id":"https:\/\/padrejosimo.com.br\/site\/#organization","name":"Instituto Cultural Padre Josimo","alternateName":"ICPJ","url":"https:\/\/padrejosimo.com.br\/site\/","logo":{"@type":"ImageObject","inLanguage":"pt-BR","@id":"https:\/\/padrejosimo.com.br\/site\/#\/schema\/logo\/image\/","url":"https:\/\/padrejosimo.com.br\/site\/wp-content\/uploads\/2025\/09\/cropped-icon-icpj.png","contentUrl":"https:\/\/padrejosimo.com.br\/site\/wp-content\/uploads\/2025\/09\/cropped-icon-icpj.png","width":512,"height":512,"caption":"Instituto Cultural Padre Josimo"},"image":{"@id":"https:\/\/padrejosimo.com.br\/site\/#\/schema\/logo\/image\/"}}]}},"_links":{"self":[{"href":"https:\/\/padrejosimo.com.br\/site\/wp-json\/wp\/v2\/artigos\/2690","targetHints":{"allow":["GET"]}}],"collection":[{"href":"https:\/\/padrejosimo.com.br\/site\/wp-json\/wp\/v2\/artigos"}],"about":[{"href":"https:\/\/padrejosimo.com.br\/site\/wp-json\/wp\/v2\/types\/artigos"}],"author":[{"embeddable":true,"href":"https:\/\/padrejosimo.com.br\/site\/wp-json\/wp\/v2\/users\/3"}],"wp:attachment":[{"href":"https:\/\/padrejosimo.com.br\/site\/wp-json\/wp\/v2\/media?parent=2690"}],"curies":[{"name":"wp","href":"https:\/\/api.w.org\/{rel}","templated":true}]}}