{"id":2661,"date":"2019-12-14T19:47:32","date_gmt":"2019-12-14T22:47:32","guid":{"rendered":"https:\/\/padrejosimo.com.br\/site\/?post_type=artigos&#038;p=2661"},"modified":"2019-12-14T19:48:06","modified_gmt":"2019-12-14T22:48:06","slug":"a-pos-verdade-e-o-verdadeiro-messias","status":"publish","type":"artigos","link":"https:\/\/padrejosimo.com.br\/site\/artigos\/a-pos-verdade-e-o-verdadeiro-messias\/","title":{"rendered":"A p\u00f3s-verdade e o verdadeiro Messias"},"content":{"rendered":"<p><img fetchpriority=\"high\" decoding=\"async\" class=\"alignleft  wp-image-2662\" src=\"https:\/\/padrejosimo.com.br\/site\/wp-content\/uploads\/2019\/12\/pos-verdade-jesus-Large-1024x537.png\" alt=\"\" width=\"555\" height=\"291\" srcset=\"https:\/\/padrejosimo.com.br\/site\/wp-content\/uploads\/2019\/12\/pos-verdade-jesus-Large-1024x537.png 1024w, https:\/\/padrejosimo.com.br\/site\/wp-content\/uploads\/2019\/12\/pos-verdade-jesus-Large-300x157.png 300w, https:\/\/padrejosimo.com.br\/site\/wp-content\/uploads\/2019\/12\/pos-verdade-jesus-Large-768x403.png 768w, https:\/\/padrejosimo.com.br\/site\/wp-content\/uploads\/2019\/12\/pos-verdade-jesus-Large.png 1920w\" sizes=\"(max-width: 555px) 100vw, 555px\" \/>Todos os anos, o Dicion\u00e1rio Oxford escolhe \u201ca palavra do ano\u201d. Em 2016, a premiada foi \u201cp\u00f3s-verdade\u201d (<em>post-truth<\/em>, em ingl\u00eas). N\u00e3o \u00e9 uma palavra nova. Ela foi utilizada pela primeira vez no ano de 1992. Ao comentar a Guerra do Golfo para o <em>The Nation<\/em>, o jornalista Stive Tsich dizia que \u201cn\u00f3s brit\u00e2nicos, como povo livre, decidimos livremente que queremos viver em uma esp\u00e9cie de mundo da p\u00f3s-verdade\u201d.<\/p>\n<p>Como os mais velhos lembramos, o fator decisivo para que os Estados Unidos, secundado primeiramente pelo Reino Unido e, em menor escala mas n\u00e3o com menos import\u00e2ncia, pela Uni\u00e3o Europeia, invadissem e destru\u00edssem o Iraque, foi a suposta posse, por parte de Saddam Hussein, de armas nucleares e qu\u00edmicas.<\/p>\n<p>Membros de corpos diplom\u00e1ticos de diversos pa\u00edses, especialistas em informa\u00e7\u00f5es militares, jornalistas e o pr\u00f3prio governo iraquiano sabiam que tais armas n\u00e3o existiam. Mas a guerra foi feita, Saddam Hussein foi deposto, ca\u00e7ado e morto, o Iraque destru\u00eddo e at\u00e9 hoje a regi\u00e3o continua sendo um foco de instabilidade mundial.<\/p>\n<p>N\u00e3o foi a primeira vez que uma mentira foi usada para justificar uma guerra. Quase todas o s\u00e3o&#8230; Mas foi a cobertura dos jornalistas da CNN incorporados (<em>embedded<\/em>) \u00e0s tropas americanas que garantiu o suporte de verdade informativa \u00e0quilo que nada mais era que uma mentira seletiva.<\/p>\n<p>De l\u00e1 para c\u00e1 e com o advento das redes sociais, o fen\u00f4meno se ampliou em propor\u00e7\u00f5es gigantescas. Vivemos um mundo em que a verdade n\u00e3o \u00e9 mais importante. O mundo da pol\u00edtica \u00e9 onde esta caracter\u00edstica aflora de modo mais gritante. A capacidade de produzir mentiras na medida do gosto do p\u00fablico-alvo tornou-se a principal ferramenta para vit\u00f3rias eleitorais. N\u00e3o importa se algo \u00e9 verdadeiro. Importa que afirme o que eu gostaria que fosse a verdade.<\/p>\n<p>A express\u00e3o mais popular do fen\u00f4meno s\u00e3o as <em>fake news <\/em>que, infelizmente, ultrapassam o \u00e2mbito da pol\u00edtica e chegam \u00e0 ci\u00eancia, \u00e0 religi\u00e3o e ao cotidiano. No mundo da p\u00f3s-verdade h\u00e1 pessoas que afirmam que a terra \u00e9 plana, que n\u00e3o existe o aquecimento global, que as ONGs incendiaram a Amaz\u00f4nia, que o Papa Francisco \u00e9 o anti-cristo, que as universidades p\u00fablicas cultivam maconha em grande quantidade e que as vacinas fazem parte do plano comunista para dominar o mundo. A lista \u00e9 infinita e absurda. Mas est\u00e1 a\u00ed!<\/p>\n<p>Como evitar tudo isso? Na pr\u00f3pria internet encontramos dicas \u00fateis para identificar as <em>fake news<\/em>. Vale a pena conferir. \u00c9 uma quest\u00e3o de sa\u00fade mental e social.<\/p>\n<p>De nossa parte, queremos apenas recomendar uma dica dada por Jesus. Ele rec\u00e9m havia come\u00e7ado sua miss\u00e3o. Jo\u00e3o Batista estava preso. E o falat\u00f3rio sobre os dois percorria a Judeia e a Galileia. Jo\u00e3o, ouvindo falar de Jesus, ficou preocupado. Era verdade ou mentira aquilo que falavam a respeito dele? Jesus havia sido seu disc\u00edpulo. Era seu conhecido. Mas, em tempos de <em>fake news<\/em>, n\u00e3o se pode confiar em ningu\u00e9m! E Jo\u00e3o mandou perguntar a Jesus: \u201c\u00c9s tu o Messias que h\u00e1 de vir ou devemos esperar outro?\u201d<\/p>\n<p>Jesus respondeu remetendo \u00e0 sua pr\u00e1tica: \u201cos cegos recuperam a vista, os paral\u00edticos andam, os leprosos s\u00e3o curados, os surdos ouvem, os mortos ressuscitam e os pobres s\u00e3o evangelizados.\u201d O crit\u00e9rio \u00e9 claro: para ser verdadeiro, n\u00e3o basta ser dito. O que valia para Jesus, vale para o mundo da p\u00f3s-verdade. \u00c9 preciso voltar ao crit\u00e9rio da pr\u00e1tica, da a\u00e7\u00e3o, da transforma\u00e7\u00e3o da dor e do sofrimento dos doentes e dos pobres em alegria pela chegada do Reino de Deus.<\/p>\n<p>Na sua a\u00e7\u00e3o est\u00e1 a verdade do Messias nascido de Maria na manjedoura de Bel\u00e9m em meio aos pastores do campo. Ele n\u00e3o foi not\u00edcia porque sua verdade n\u00e3o interessava aos poderosos de seu tempo. Mas ele foi e continua sendo Vida e Esperan\u00e7a para os sofredores deste mundo.<\/p>\n","protected":false},"excerpt":{"rendered":"<p>O crit\u00e9rio \u00e9 claro: para ser verdadeiro, n\u00e3o basta ser dito. O que valia para Jesus, vale para o mundo da p\u00f3s-verdade. \u00c9 preciso voltar ao crit\u00e9rio da pr\u00e1tica, da a\u00e7\u00e3o, da transforma\u00e7\u00e3o da dor e do sofrimento dos doentes e dos pobres em alegria pela chegada do Reino de Deus.<\/p>\n","protected":false},"author":20,"template":"","class_list":["post-2661","artigos","type-artigos","status-publish","hentry"],"acf":[],"yoast_head":"<!-- This site is optimized with the Yoast SEO plugin v27.2 - https:\/\/yoast.com\/product\/yoast-seo-wordpress\/ -->\n<title>A p\u00f3s-verdade e o verdadeiro Messias - Instituto Cultural Padre Josimo<\/title>\n<meta name=\"robots\" content=\"index, follow, max-snippet:-1, max-image-preview:large, max-video-preview:-1\" \/>\n<link rel=\"canonical\" href=\"https:\/\/padrejosimo.com.br\/site\/artigos\/a-pos-verdade-e-o-verdadeiro-messias\/\" \/>\n<meta property=\"og:locale\" content=\"pt_BR\" \/>\n<meta property=\"og:type\" content=\"article\" \/>\n<meta property=\"og:title\" content=\"A p\u00f3s-verdade e o verdadeiro Messias - Instituto Cultural Padre Josimo\" \/>\n<meta property=\"og:description\" content=\"O crit\u00e9rio \u00e9 claro: para ser verdadeiro, n\u00e3o basta ser dito. O que valia para Jesus, vale para o mundo da p\u00f3s-verdade. \u00c9 preciso voltar ao crit\u00e9rio da pr\u00e1tica, da a\u00e7\u00e3o, da transforma\u00e7\u00e3o da dor e do sofrimento dos doentes e dos pobres em alegria pela chegada do Reino de Deus.\" \/>\n<meta property=\"og:url\" content=\"https:\/\/padrejosimo.com.br\/site\/artigos\/a-pos-verdade-e-o-verdadeiro-messias\/\" \/>\n<meta property=\"og:site_name\" content=\"Instituto Cultural Padre Josimo\" \/>\n<meta property=\"article:modified_time\" content=\"2019-12-14T22:48:06+00:00\" \/>\n<meta property=\"og:image\" content=\"https:\/\/padrejosimo.com.br\/site\/wp-content\/uploads\/2019\/12\/pos-verdade-jesus-Large-1024x537.png\" \/>\n<meta name=\"twitter:card\" content=\"summary_large_image\" \/>\n<meta name=\"twitter:label1\" content=\"Est. tempo de leitura\" \/>\n\t<meta name=\"twitter:data1\" content=\"3 minutos\" \/>\n<script type=\"application\/ld+json\" class=\"yoast-schema-graph\">{\"@context\":\"https:\/\/schema.org\",\"@graph\":[{\"@type\":\"WebPage\",\"@id\":\"https:\/\/padrejosimo.com.br\/site\/artigos\/a-pos-verdade-e-o-verdadeiro-messias\/\",\"url\":\"https:\/\/padrejosimo.com.br\/site\/artigos\/a-pos-verdade-e-o-verdadeiro-messias\/\",\"name\":\"A p\u00f3s-verdade e o verdadeiro Messias - Instituto Cultural Padre Josimo\",\"isPartOf\":{\"@id\":\"https:\/\/padrejosimo.com.br\/site\/#website\"},\"primaryImageOfPage\":{\"@id\":\"https:\/\/padrejosimo.com.br\/site\/artigos\/a-pos-verdade-e-o-verdadeiro-messias\/#primaryimage\"},\"image\":{\"@id\":\"https:\/\/padrejosimo.com.br\/site\/artigos\/a-pos-verdade-e-o-verdadeiro-messias\/#primaryimage\"},\"thumbnailUrl\":\"https:\/\/padrejosimo.com.br\/site\/wp-content\/uploads\/2019\/12\/pos-verdade-jesus-Large-1024x537.png\",\"datePublished\":\"2019-12-14T22:47:32+00:00\",\"dateModified\":\"2019-12-14T22:48:06+00:00\",\"breadcrumb\":{\"@id\":\"https:\/\/padrejosimo.com.br\/site\/artigos\/a-pos-verdade-e-o-verdadeiro-messias\/#breadcrumb\"},\"inLanguage\":\"pt-BR\",\"potentialAction\":[{\"@type\":\"ReadAction\",\"target\":[\"https:\/\/padrejosimo.com.br\/site\/artigos\/a-pos-verdade-e-o-verdadeiro-messias\/\"]}]},{\"@type\":\"ImageObject\",\"inLanguage\":\"pt-BR\",\"@id\":\"https:\/\/padrejosimo.com.br\/site\/artigos\/a-pos-verdade-e-o-verdadeiro-messias\/#primaryimage\",\"url\":\"https:\/\/padrejosimo.com.br\/site\/wp-content\/uploads\/2019\/12\/pos-verdade-jesus-Large.png\",\"contentUrl\":\"https:\/\/padrejosimo.com.br\/site\/wp-content\/uploads\/2019\/12\/pos-verdade-jesus-Large.png\",\"width\":1920,\"height\":1007},{\"@type\":\"BreadcrumbList\",\"@id\":\"https:\/\/padrejosimo.com.br\/site\/artigos\/a-pos-verdade-e-o-verdadeiro-messias\/#breadcrumb\",\"itemListElement\":[{\"@type\":\"ListItem\",\"position\":1,\"name\":\"In\u00edcio\",\"item\":\"https:\/\/padrejosimo.com.br\/site\/\"},{\"@type\":\"ListItem\",\"position\":2,\"name\":\"Artigos\",\"item\":\"https:\/\/padrejosimo.com.br\/site\/artigos\/\"},{\"@type\":\"ListItem\",\"position\":3,\"name\":\"A p\u00f3s-verdade e o verdadeiro Messias\"}]},{\"@type\":\"WebSite\",\"@id\":\"https:\/\/padrejosimo.com.br\/site\/#website\",\"url\":\"https:\/\/padrejosimo.com.br\/site\/\",\"name\":\"Instituto Cultural Padre Josimo\",\"description\":\"Comprometida com a promo\u00e7\u00e3o da justi\u00e7a social, agroecologia e educa\u00e7\u00e3o popular\",\"publisher\":{\"@id\":\"https:\/\/padrejosimo.com.br\/site\/#organization\"},\"alternateName\":\"ICPJ\",\"potentialAction\":[{\"@type\":\"SearchAction\",\"target\":{\"@type\":\"EntryPoint\",\"urlTemplate\":\"https:\/\/padrejosimo.com.br\/site\/?s={search_term_string}\"},\"query-input\":{\"@type\":\"PropertyValueSpecification\",\"valueRequired\":true,\"valueName\":\"search_term_string\"}}],\"inLanguage\":\"pt-BR\"},{\"@type\":\"Organization\",\"@id\":\"https:\/\/padrejosimo.com.br\/site\/#organization\",\"name\":\"Instituto Cultural Padre Josimo\",\"alternateName\":\"ICPJ\",\"url\":\"https:\/\/padrejosimo.com.br\/site\/\",\"logo\":{\"@type\":\"ImageObject\",\"inLanguage\":\"pt-BR\",\"@id\":\"https:\/\/padrejosimo.com.br\/site\/#\/schema\/logo\/image\/\",\"url\":\"https:\/\/padrejosimo.com.br\/site\/wp-content\/uploads\/2025\/09\/cropped-icon-icpj.png\",\"contentUrl\":\"https:\/\/padrejosimo.com.br\/site\/wp-content\/uploads\/2025\/09\/cropped-icon-icpj.png\",\"width\":512,\"height\":512,\"caption\":\"Instituto Cultural Padre Josimo\"},\"image\":{\"@id\":\"https:\/\/padrejosimo.com.br\/site\/#\/schema\/logo\/image\/\"}}]}<\/script>\n<!-- \/ Yoast SEO plugin. -->","yoast_head_json":{"title":"A p\u00f3s-verdade e o verdadeiro Messias - Instituto Cultural Padre Josimo","robots":{"index":"index","follow":"follow","max-snippet":"max-snippet:-1","max-image-preview":"max-image-preview:large","max-video-preview":"max-video-preview:-1"},"canonical":"https:\/\/padrejosimo.com.br\/site\/artigos\/a-pos-verdade-e-o-verdadeiro-messias\/","og_locale":"pt_BR","og_type":"article","og_title":"A p\u00f3s-verdade e o verdadeiro Messias - Instituto Cultural Padre Josimo","og_description":"O crit\u00e9rio \u00e9 claro: para ser verdadeiro, n\u00e3o basta ser dito. O que valia para Jesus, vale para o mundo da p\u00f3s-verdade. \u00c9 preciso voltar ao crit\u00e9rio da pr\u00e1tica, da a\u00e7\u00e3o, da transforma\u00e7\u00e3o da dor e do sofrimento dos doentes e dos pobres em alegria pela chegada do Reino de Deus.","og_url":"https:\/\/padrejosimo.com.br\/site\/artigos\/a-pos-verdade-e-o-verdadeiro-messias\/","og_site_name":"Instituto Cultural Padre Josimo","article_modified_time":"2019-12-14T22:48:06+00:00","og_image":[{"url":"https:\/\/padrejosimo.com.br\/site\/wp-content\/uploads\/2019\/12\/pos-verdade-jesus-Large-1024x537.png","type":"","width":"","height":""}],"twitter_card":"summary_large_image","twitter_misc":{"Est. tempo de leitura":"3 minutos"},"schema":{"@context":"https:\/\/schema.org","@graph":[{"@type":"WebPage","@id":"https:\/\/padrejosimo.com.br\/site\/artigos\/a-pos-verdade-e-o-verdadeiro-messias\/","url":"https:\/\/padrejosimo.com.br\/site\/artigos\/a-pos-verdade-e-o-verdadeiro-messias\/","name":"A p\u00f3s-verdade e o verdadeiro Messias - Instituto Cultural Padre Josimo","isPartOf":{"@id":"https:\/\/padrejosimo.com.br\/site\/#website"},"primaryImageOfPage":{"@id":"https:\/\/padrejosimo.com.br\/site\/artigos\/a-pos-verdade-e-o-verdadeiro-messias\/#primaryimage"},"image":{"@id":"https:\/\/padrejosimo.com.br\/site\/artigos\/a-pos-verdade-e-o-verdadeiro-messias\/#primaryimage"},"thumbnailUrl":"https:\/\/padrejosimo.com.br\/site\/wp-content\/uploads\/2019\/12\/pos-verdade-jesus-Large-1024x537.png","datePublished":"2019-12-14T22:47:32+00:00","dateModified":"2019-12-14T22:48:06+00:00","breadcrumb":{"@id":"https:\/\/padrejosimo.com.br\/site\/artigos\/a-pos-verdade-e-o-verdadeiro-messias\/#breadcrumb"},"inLanguage":"pt-BR","potentialAction":[{"@type":"ReadAction","target":["https:\/\/padrejosimo.com.br\/site\/artigos\/a-pos-verdade-e-o-verdadeiro-messias\/"]}]},{"@type":"ImageObject","inLanguage":"pt-BR","@id":"https:\/\/padrejosimo.com.br\/site\/artigos\/a-pos-verdade-e-o-verdadeiro-messias\/#primaryimage","url":"https:\/\/padrejosimo.com.br\/site\/wp-content\/uploads\/2019\/12\/pos-verdade-jesus-Large.png","contentUrl":"https:\/\/padrejosimo.com.br\/site\/wp-content\/uploads\/2019\/12\/pos-verdade-jesus-Large.png","width":1920,"height":1007},{"@type":"BreadcrumbList","@id":"https:\/\/padrejosimo.com.br\/site\/artigos\/a-pos-verdade-e-o-verdadeiro-messias\/#breadcrumb","itemListElement":[{"@type":"ListItem","position":1,"name":"In\u00edcio","item":"https:\/\/padrejosimo.com.br\/site\/"},{"@type":"ListItem","position":2,"name":"Artigos","item":"https:\/\/padrejosimo.com.br\/site\/artigos\/"},{"@type":"ListItem","position":3,"name":"A p\u00f3s-verdade e o verdadeiro Messias"}]},{"@type":"WebSite","@id":"https:\/\/padrejosimo.com.br\/site\/#website","url":"https:\/\/padrejosimo.com.br\/site\/","name":"Instituto Cultural Padre Josimo","description":"Comprometida com a promo\u00e7\u00e3o da justi\u00e7a social, agroecologia e educa\u00e7\u00e3o popular","publisher":{"@id":"https:\/\/padrejosimo.com.br\/site\/#organization"},"alternateName":"ICPJ","potentialAction":[{"@type":"SearchAction","target":{"@type":"EntryPoint","urlTemplate":"https:\/\/padrejosimo.com.br\/site\/?s={search_term_string}"},"query-input":{"@type":"PropertyValueSpecification","valueRequired":true,"valueName":"search_term_string"}}],"inLanguage":"pt-BR"},{"@type":"Organization","@id":"https:\/\/padrejosimo.com.br\/site\/#organization","name":"Instituto Cultural Padre Josimo","alternateName":"ICPJ","url":"https:\/\/padrejosimo.com.br\/site\/","logo":{"@type":"ImageObject","inLanguage":"pt-BR","@id":"https:\/\/padrejosimo.com.br\/site\/#\/schema\/logo\/image\/","url":"https:\/\/padrejosimo.com.br\/site\/wp-content\/uploads\/2025\/09\/cropped-icon-icpj.png","contentUrl":"https:\/\/padrejosimo.com.br\/site\/wp-content\/uploads\/2025\/09\/cropped-icon-icpj.png","width":512,"height":512,"caption":"Instituto Cultural Padre Josimo"},"image":{"@id":"https:\/\/padrejosimo.com.br\/site\/#\/schema\/logo\/image\/"}}]}},"_links":{"self":[{"href":"https:\/\/padrejosimo.com.br\/site\/wp-json\/wp\/v2\/artigos\/2661","targetHints":{"allow":["GET"]}}],"collection":[{"href":"https:\/\/padrejosimo.com.br\/site\/wp-json\/wp\/v2\/artigos"}],"about":[{"href":"https:\/\/padrejosimo.com.br\/site\/wp-json\/wp\/v2\/types\/artigos"}],"author":[{"embeddable":true,"href":"https:\/\/padrejosimo.com.br\/site\/wp-json\/wp\/v2\/users\/20"}],"wp:attachment":[{"href":"https:\/\/padrejosimo.com.br\/site\/wp-json\/wp\/v2\/media?parent=2661"}],"curies":[{"name":"wp","href":"https:\/\/api.w.org\/{rel}","templated":true}]}}